{"id":70954,"date":"2022-06-03T12:16:55","date_gmt":"2022-06-03T11:16:55","guid":{"rendered":"https:\/\/jungian.directory\/fcxfougk\/?post_type=courses&#038;p=70954"},"modified":"2022-06-03T14:13:15","modified_gmt":"2022-06-03T13:13:15","slug":"pos-graduacao-ead-logoterapia-e-analise-existencial","status":"publish","type":"courses","link":"https:\/\/jungian.directory\/fcxfougk\/courses\/pos-graduacao-ead-logoterapia-e-analise-existencial\/","title":{"rendered":"P\u00d3S-GRADUA\u00c7\u00c3O EAD LOGOTERAPIA e An\u00e1lise Existencial"},"content":{"rendered":"<div class=\"elementor-element elementor-element-0678939 elementor-widget elementor-widget-heading\" data-id=\"0678939\" data-element_type=\"widget\" data-widget_type=\"heading.default\">\n<div class=\"elementor-widget-container\">\n<p class=\"elementor-heading-title elementor-size-default\"><strong>Forme-se Especialista em Logoterapia e esteja apto a aplicar os conceitos de Viktor Frankl nas demandas Contempor\u00e2neas ajudando as pessoas a alcan\u00e7arem a realiza\u00e7\u00e3o de sentido na vida.<\/strong><\/p>\n<\/div>\n<\/div>\n<div class=\"elementor-element elementor-element-4be00f99 elementor-widget elementor-widget-text-editor\" data-id=\"4be00f99\" data-element_type=\"widget\" data-widget_type=\"text-editor.default\">\n<div class=\"elementor-widget-container\">\n<p>Conhe\u00e7a a Logoterapia e An\u00e1lise Existencial e sua contribui\u00e7\u00e3o para uma revis\u00e3o significativa de sua forma de encarar a vida e de compreender a sa\u00fade mental em tempos de profundo sofrimento.<\/p>\n<p>A P\u00f3s-gradua\u00e7\u00e3o em Logoterapia do Instituto Freedom \u00e9 reconhecido pelo MEC e aberto a todos interessados com n\u00edvel superior em se formar Especialista em Logoterapia e An\u00e1lise Existencial e ter uma carreira carregada de sentido em uma forma\u00e7\u00e3o humana e profissional.<\/p>\n<p>Uma oportunidade de aprender as diferentes t\u00e9cnicas de aplica\u00e7\u00e3o da teoria de Frankl em diversos contextos, como na sa\u00fade, na educa\u00e7\u00e3o, nas organiza\u00e7\u00f5es, nos relacionamentos e na sociedade, integrando a pessoa e o profissional em um profundo crescimento te\u00f3rico e pr\u00e1tico na abordagem psicol\u00f3gica com imenso crescimento no Brasil, orientado com muita atualidade e car\u00e1ter cient\u00edfico validado.<\/p>\n<p>Estruturado com uma grade diferenciada e exclusiva, entre teoria e a aplica\u00e7\u00e3o pr\u00e1tica em diferentes contextos.<\/p>\n<p>Nosso objetivo \u00e9 promover a Logoterapia de forma eficaz, respeitando o legado de Viktor Frankl e desenvolver multiplicadores de sentido e de valores humanos.<\/p>\n<p>&#8211; &#8211; &#8211; &#8211; &#8211; &#8211; &#8211; &#8211; &#8211; &#8211; &#8211; &#8211; &#8211; &#8211; &#8211; &#8211; &#8211; &#8211; &#8211; &#8211; &#8211; &#8211; &#8211; &#8211; &#8211; &#8211; &#8211; &#8211; &#8211; &#8211; &#8211; &#8211; &#8211; &#8211; &#8211; &#8211; &#8211; &#8211; &#8211; &#8211; &#8211; &#8211; &#8211; &#8211; &#8211; &#8211; &#8211; &#8211; &#8211; &#8211; &#8211; &#8211; &#8211; &#8211; &#8211;<\/p>\n<div class=\"elementor-element elementor-element-0678939 elementor-widget elementor-widget-heading\" data-id=\"0678939\" data-element_type=\"widget\" data-widget_type=\"heading.default\">\n<div class=\"elementor-widget-container\">\n<p class=\"elementor-heading-title elementor-size-default\"><em><strong><span class=\"\">Train yourself as a Specialist in Logotherapy and be able to apply Viktor Frankl&#8217;s concepts in contemporary demands helping people to achieve meaning in life.<\/span><\/strong><\/em><\/p>\n<\/div>\n<\/div>\n<div class=\"elementor-element elementor-element-4be00f99 elementor-widget elementor-widget-text-editor\" data-id=\"4be00f99\" data-element_type=\"widget\" data-widget_type=\"text-editor.default\">\n<div class=\"elementor-widget-container\">\n<p><em>Get to know Logotherapy and Existential Analysis and its contribution to a significant revision of your way of looking at life and understanding mental health in times of deep suffering.<\/em><\/p>\n<p><em>The Postgraduate Diploma in Logotherapy at Instituto Freedom is recognized by the MEC and open to anyone interested with a higher education degree in becoming a Specialist in Logotherapy and Existential Analysis and having a career full of meaning in a human and professional education.<\/em><\/p>\n<p><em>An opportunity to learn the different techniques of application of Frankl&#8217;s theory in different contexts, such as health, education, organizations, relationships and society, integrating the person and the professional in a deep theoretical and practical growth in the psychological approach with immense growth in Brazil, oriented with a lot of actuality and validated scientific character.<\/em><\/p>\n<p><em>Structured with a differentiated and exclusive grid, between theory and practical application in different contexts.<\/em><\/p>\n<p><em>Our objective is to promote Logotherapy effectively, respecting the legacy of Viktor Frankl and developing multipliers of meaning and human values.<\/em><\/p>\n<\/div>\n<\/div>\n<\/div>\n<\/div>\n","protected":false},"excerpt":{"rendered":"<p>Forme-se Especialista em Logoterapia e esteja apto a aplicar os conceitos de Viktor Frankl nas demandas Contempor\u00e2neas ajudando as pessoas a alcan\u00e7arem a realiza\u00e7\u00e3o de sentido na vida. Conhe\u00e7a a Logoterapia e An\u00e1lise Existencial e sua contribui\u00e7\u00e3o para uma revis\u00e3o significativa de sua forma de encarar a vida e de compreender a sa\u00fade mental em [&hellip;]<\/p>\n","protected":false},"author":17,"featured_media":70956,"template":"","level_of_course":[983,985],"class_list":["post-70954","courses","type-courses","status-publish","has-post-thumbnail","hentry","level_of_course-advanced","level_of_course-professional-training"],"acf":[],"yoast_head":"<!-- This site is optimized with the Yoast SEO Premium plugin v28.3 (Yoast SEO v28.3) - https:\/\/yoast.com\/product\/yoast-seo-premium-wordpress\/ -->\n<title>P\u00d3S-GRADUA\u00c7\u00c3O EAD LOGOTERAPIA e An\u00e1lise Existencial - JungianDirectory<\/title>\n<meta name=\"robots\" content=\"noindex, follow, max-snippet:-1, max-image-preview:large, max-video-preview:-1\" \/>\n<meta property=\"og:locale\" content=\"en_GB\" \/>\n<meta property=\"og:type\" content=\"article\" \/>\n<meta property=\"og:title\" content=\"P\u00d3S-GRADUA\u00c7\u00c3O EAD LOGOTERAPIA e An\u00e1lise Existencial\" \/>\n<meta property=\"og:description\" content=\"Forme-se Especialista em Logoterapia e esteja apto a aplicar os conceitos de Viktor Frankl nas demandas Contempor\u00e2neas ajudando as pessoas a alcan\u00e7arem a realiza\u00e7\u00e3o de sentido na vida. Conhe\u00e7a a Logoterapia e An\u00e1lise Existencial e sua contribui\u00e7\u00e3o para uma revis\u00e3o significativa de sua forma de encarar a vida e de compreender a sa\u00fade mental em [&hellip;]\" \/>\n<meta property=\"og:url\" content=\"https:\/\/jungian.directory\/fcxfougk\/courses\/pos-graduacao-ead-logoterapia-e-analise-existencial\/\" \/>\n<meta property=\"og:site_name\" content=\"JungianDirectory\" \/>\n<meta property=\"article:modified_time\" content=\"2022-06-03T13:13:15+00:00\" \/>\n<meta property=\"og:image\" content=\"https:\/\/jungian.directory\/fcxfougk\/wp-content\/uploads\/2022\/06\/logoterapia-frankil.png\" \/>\n\t<meta property=\"og:image:width\" content=\"712\" \/>\n\t<meta property=\"og:image:height\" content=\"372\" \/>\n\t<meta property=\"og:image:type\" content=\"image\/png\" \/>\n<meta name=\"twitter:card\" content=\"summary_large_image\" \/>\n<meta name=\"twitter:label1\" content=\"Estimated reading time\" \/>\n\t<meta name=\"twitter:data1\" content=\"2 minutes\" \/>\n<script type=\"application\/ld+json\" class=\"yoast-schema-graph\">{\"@context\":\"https:\\\/\\\/schema.org\",\"@graph\":[{\"@type\":\"WebPage\",\"@id\":\"https:\\\/\\\/jungian.directory\\\/fcxfougk\\\/courses\\\/pos-graduacao-ead-logoterapia-e-analise-existencial\\\/\",\"url\":\"https:\\\/\\\/jungian.directory\\\/fcxfougk\\\/courses\\\/pos-graduacao-ead-logoterapia-e-analise-existencial\\\/\",\"name\":\"P\u00d3S-GRADUA\u00c7\u00c3O EAD LOGOTERAPIA e An\u00e1lise Existencial - JungianDirectory\",\"isPartOf\":{\"@id\":\"https:\\\/\\\/jungian.directory\\\/fcxfougk\\\/#website\"},\"primaryImageOfPage\":{\"@id\":\"https:\\\/\\\/jungian.directory\\\/fcxfougk\\\/courses\\\/pos-graduacao-ead-logoterapia-e-analise-existencial\\\/#primaryimage\"},\"image\":{\"@id\":\"https:\\\/\\\/jungian.directory\\\/fcxfougk\\\/courses\\\/pos-graduacao-ead-logoterapia-e-analise-existencial\\\/#primaryimage\"},\"thumbnailUrl\":\"https:\\\/\\\/jungian.directory\\\/fcxfougk\\\/wp-content\\\/uploads\\\/2022\\\/06\\\/logoterapia-frankil.png\",\"datePublished\":\"2022-06-03T11:16:55+00:00\",\"dateModified\":\"2022-06-03T13:13:15+00:00\",\"breadcrumb\":{\"@id\":\"https:\\\/\\\/jungian.directory\\\/fcxfougk\\\/courses\\\/pos-graduacao-ead-logoterapia-e-analise-existencial\\\/#breadcrumb\"},\"inLanguage\":\"en-GB\",\"potentialAction\":[{\"@type\":\"ReadAction\",\"target\":[\"https:\\\/\\\/jungian.directory\\\/fcxfougk\\\/courses\\\/pos-graduacao-ead-logoterapia-e-analise-existencial\\\/\"]}]},{\"@type\":\"ImageObject\",\"inLanguage\":\"en-GB\",\"@id\":\"https:\\\/\\\/jungian.directory\\\/fcxfougk\\\/courses\\\/pos-graduacao-ead-logoterapia-e-analise-existencial\\\/#primaryimage\",\"url\":\"https:\\\/\\\/jungian.directory\\\/fcxfougk\\\/wp-content\\\/uploads\\\/2022\\\/06\\\/logoterapia-frankil.png\",\"contentUrl\":\"https:\\\/\\\/jungian.directory\\\/fcxfougk\\\/wp-content\\\/uploads\\\/2022\\\/06\\\/logoterapia-frankil.png\",\"width\":712,\"height\":372},{\"@type\":\"BreadcrumbList\",\"@id\":\"https:\\\/\\\/jungian.directory\\\/fcxfougk\\\/courses\\\/pos-graduacao-ead-logoterapia-e-analise-existencial\\\/#breadcrumb\",\"itemListElement\":[{\"@type\":\"ListItem\",\"position\":1,\"name\":\"Home\",\"item\":\"https:\\\/\\\/jungian.directory\\\/fcxfougk\\\/\"},{\"@type\":\"ListItem\",\"position\":2,\"name\":\"Courses\",\"item\":\"https:\\\/\\\/jungian.directory\\\/fcxfougk\\\/courses\\\/\"},{\"@type\":\"ListItem\",\"position\":3,\"name\":\"P\u00d3S-GRADUA\u00c7\u00c3O EAD LOGOTERAPIA e An\u00e1lise Existencial\"}]},{\"@type\":\"WebSite\",\"@id\":\"https:\\\/\\\/jungian.directory\\\/fcxfougk\\\/#website\",\"url\":\"https:\\\/\\\/jungian.directory\\\/fcxfougk\\\/\",\"name\":\"JungianDirectory\",\"description\":\"Analysts, Events, Training, CPD, Books, etc\",\"publisher\":{\"@id\":\"https:\\\/\\\/jungian.directory\\\/fcxfougk\\\/#organization\"},\"potentialAction\":[{\"@type\":\"SearchAction\",\"target\":{\"@type\":\"EntryPoint\",\"urlTemplate\":\"https:\\\/\\\/jungian.directory\\\/fcxfougk\\\/?s={search_term_string}\"},\"query-input\":{\"@type\":\"PropertyValueSpecification\",\"valueRequired\":true,\"valueName\":\"search_term_string\"}}],\"inLanguage\":\"en-GB\"},{\"@type\":\"Organization\",\"@id\":\"https:\\\/\\\/jungian.directory\\\/fcxfougk\\\/#organization\",\"name\":\"JungianDirectory\",\"url\":\"https:\\\/\\\/jungian.directory\\\/fcxfougk\\\/\",\"logo\":{\"@type\":\"ImageObject\",\"inLanguage\":\"en-GB\",\"@id\":\"https:\\\/\\\/jungian.directory\\\/fcxfougk\\\/#\\\/schema\\\/logo\\\/image\\\/\",\"url\":\"https:\\\/\\\/jungian.directory\\\/fcxfougk\\\/wp-content\\\/uploads\\\/2024\\\/02\\\/cropped-new-logo-test-2024-03-03.png\",\"contentUrl\":\"https:\\\/\\\/jungian.directory\\\/fcxfougk\\\/wp-content\\\/uploads\\\/2024\\\/02\\\/cropped-new-logo-test-2024-03-03.png\",\"width\":512,\"height\":512,\"caption\":\"JungianDirectory\"},\"image\":{\"@id\":\"https:\\\/\\\/jungian.directory\\\/fcxfougk\\\/#\\\/schema\\\/logo\\\/image\\\/\"}}]}<\/script>\n<!-- \/ Yoast SEO Premium plugin. -->","yoast_head_json":{"title":"P\u00d3S-GRADUA\u00c7\u00c3O EAD LOGOTERAPIA e An\u00e1lise Existencial - JungianDirectory","robots":{"index":"noindex","follow":"follow","max-snippet":"max-snippet:-1","max-image-preview":"max-image-preview:large","max-video-preview":"max-video-preview:-1"},"og_locale":"en_GB","og_type":"article","og_title":"P\u00d3S-GRADUA\u00c7\u00c3O EAD LOGOTERAPIA e An\u00e1lise Existencial","og_description":"Forme-se Especialista em Logoterapia e esteja apto a aplicar os conceitos de Viktor Frankl nas demandas Contempor\u00e2neas ajudando as pessoas a alcan\u00e7arem a realiza\u00e7\u00e3o de sentido na vida. Conhe\u00e7a a Logoterapia e An\u00e1lise Existencial e sua contribui\u00e7\u00e3o para uma revis\u00e3o significativa de sua forma de encarar a vida e de compreender a sa\u00fade mental em [&hellip;]","og_url":"https:\/\/jungian.directory\/fcxfougk\/courses\/pos-graduacao-ead-logoterapia-e-analise-existencial\/","og_site_name":"JungianDirectory","article_modified_time":"2022-06-03T13:13:15+00:00","og_image":[{"width":712,"height":372,"url":"https:\/\/jungian.directory\/fcxfougk\/wp-content\/uploads\/2022\/06\/logoterapia-frankil.png","type":"image\/png"}],"twitter_card":"summary_large_image","twitter_misc":{"Estimated reading time":"2 minutes"},"schema":{"@context":"https:\/\/schema.org","@graph":[{"@type":"WebPage","@id":"https:\/\/jungian.directory\/fcxfougk\/courses\/pos-graduacao-ead-logoterapia-e-analise-existencial\/","url":"https:\/\/jungian.directory\/fcxfougk\/courses\/pos-graduacao-ead-logoterapia-e-analise-existencial\/","name":"P\u00d3S-GRADUA\u00c7\u00c3O EAD LOGOTERAPIA e An\u00e1lise Existencial - JungianDirectory","isPartOf":{"@id":"https:\/\/jungian.directory\/fcxfougk\/#website"},"primaryImageOfPage":{"@id":"https:\/\/jungian.directory\/fcxfougk\/courses\/pos-graduacao-ead-logoterapia-e-analise-existencial\/#primaryimage"},"image":{"@id":"https:\/\/jungian.directory\/fcxfougk\/courses\/pos-graduacao-ead-logoterapia-e-analise-existencial\/#primaryimage"},"thumbnailUrl":"https:\/\/jungian.directory\/fcxfougk\/wp-content\/uploads\/2022\/06\/logoterapia-frankil.png","datePublished":"2022-06-03T11:16:55+00:00","dateModified":"2022-06-03T13:13:15+00:00","breadcrumb":{"@id":"https:\/\/jungian.directory\/fcxfougk\/courses\/pos-graduacao-ead-logoterapia-e-analise-existencial\/#breadcrumb"},"inLanguage":"en-GB","potentialAction":[{"@type":"ReadAction","target":["https:\/\/jungian.directory\/fcxfougk\/courses\/pos-graduacao-ead-logoterapia-e-analise-existencial\/"]}]},{"@type":"ImageObject","inLanguage":"en-GB","@id":"https:\/\/jungian.directory\/fcxfougk\/courses\/pos-graduacao-ead-logoterapia-e-analise-existencial\/#primaryimage","url":"https:\/\/jungian.directory\/fcxfougk\/wp-content\/uploads\/2022\/06\/logoterapia-frankil.png","contentUrl":"https:\/\/jungian.directory\/fcxfougk\/wp-content\/uploads\/2022\/06\/logoterapia-frankil.png","width":712,"height":372},{"@type":"BreadcrumbList","@id":"https:\/\/jungian.directory\/fcxfougk\/courses\/pos-graduacao-ead-logoterapia-e-analise-existencial\/#breadcrumb","itemListElement":[{"@type":"ListItem","position":1,"name":"Home","item":"https:\/\/jungian.directory\/fcxfougk\/"},{"@type":"ListItem","position":2,"name":"Courses","item":"https:\/\/jungian.directory\/fcxfougk\/courses\/"},{"@type":"ListItem","position":3,"name":"P\u00d3S-GRADUA\u00c7\u00c3O EAD LOGOTERAPIA e An\u00e1lise Existencial"}]},{"@type":"WebSite","@id":"https:\/\/jungian.directory\/fcxfougk\/#website","url":"https:\/\/jungian.directory\/fcxfougk\/","name":"JungianDirectory","description":"Analysts, Events, Training, CPD, Books, etc","publisher":{"@id":"https:\/\/jungian.directory\/fcxfougk\/#organization"},"potentialAction":[{"@type":"SearchAction","target":{"@type":"EntryPoint","urlTemplate":"https:\/\/jungian.directory\/fcxfougk\/?s={search_term_string}"},"query-input":{"@type":"PropertyValueSpecification","valueRequired":true,"valueName":"search_term_string"}}],"inLanguage":"en-GB"},{"@type":"Organization","@id":"https:\/\/jungian.directory\/fcxfougk\/#organization","name":"JungianDirectory","url":"https:\/\/jungian.directory\/fcxfougk\/","logo":{"@type":"ImageObject","inLanguage":"en-GB","@id":"https:\/\/jungian.directory\/fcxfougk\/#\/schema\/logo\/image\/","url":"https:\/\/jungian.directory\/fcxfougk\/wp-content\/uploads\/2024\/02\/cropped-new-logo-test-2024-03-03.png","contentUrl":"https:\/\/jungian.directory\/fcxfougk\/wp-content\/uploads\/2024\/02\/cropped-new-logo-test-2024-03-03.png","width":512,"height":512,"caption":"JungianDirectory"},"image":{"@id":"https:\/\/jungian.directory\/fcxfougk\/#\/schema\/logo\/image\/"}}]}},"_links":{"self":[{"href":"https:\/\/jungian.directory\/fcxfougk\/wp-json\/wp\/v2\/courses\/70954","targetHints":{"allow":["GET"]}}],"collection":[{"href":"https:\/\/jungian.directory\/fcxfougk\/wp-json\/wp\/v2\/courses"}],"about":[{"href":"https:\/\/jungian.directory\/fcxfougk\/wp-json\/wp\/v2\/types\/courses"}],"author":[{"embeddable":true,"href":"https:\/\/jungian.directory\/fcxfougk\/wp-json\/wp\/v2\/users\/17"}],"wp:featuredmedia":[{"embeddable":true,"href":"https:\/\/jungian.directory\/fcxfougk\/wp-json\/wp\/v2\/media\/70956"}],"wp:attachment":[{"href":"https:\/\/jungian.directory\/fcxfougk\/wp-json\/wp\/v2\/media?parent=70954"}],"wp:term":[{"taxonomy":"level_of_course","embeddable":true,"href":"https:\/\/jungian.directory\/fcxfougk\/wp-json\/wp\/v2\/level_of_course?post=70954"}],"curies":[{"name":"wp","href":"https:\/\/api.w.org\/{rel}","templated":true}]}}