{"id":115094,"date":"2025-11-20T08:47:32","date_gmt":"2025-11-20T08:47:32","guid":{"rendered":"https:\/\/jungian.directory\/fcxfougk\/?post_type=mec-events&#038;p=115094"},"modified":"2025-11-20T08:47:32","modified_gmt":"2025-11-20T08:47:32","slug":"lombre-et-le-mal","status":"publish","type":"mec-events","link":"https:\/\/jungian.directory\/fcxfougk\/jungian-events\/lombre-et-le-mal\/","title":{"rendered":"L&#8217;Ombre et le Mal"},"content":{"rendered":"<p class=\"text-align-justify\"><span class=\"\">\u00a0<\/span>En m\u2019appuyant sur l\u2019\u0153uvre clinique et conceptuelle de Carl Gustav Jung et de Marie-Louise von Franz, je vous proposerai une r\u00e9flexion approfondie sur les concepts cl\u00e9s de la Psychologie Analytique \u00e0 partir d\u2019exemples cliniques concrets. Nous explorerons les notions d\u2019Ombre et de mal, leurs modes de manifestation, ainsi que leurs diff\u00e9rences fondamentales, notamment dans leur rapport \u00e0 la cr\u00e9ativit\u00e9 et \u00e0 la destructivit\u00e9.<\/p>\n<p class=\"text-align-justify\">L\u2019Ombre, en tant qu\u2019aspect inconscient de la psych\u00e9, peut se r\u00e9v\u00e9ler \u00e0 la fois une force cr\u00e9atrice et une potentialit\u00e9 destructrice, tandis que le mal soul\u00e8ve des enjeux plus complexes li\u00e9s \u00e0 l\u2019\u00e9thique et \u00e0 la responsabilit\u00e9. Ces distinctions seront \u00e9clair\u00e9es par une multitude d\u2019exemples, qui illustrent ces dynamiques dans le cadre de l\u2019exp\u00e9rience humaine.<\/p>\n<p class=\"text-align-justify\">Nous examinerons \u00e9galement la position du Moi face \u00e0 l\u2019Ombre et au mal. Comment la conscience peut-elle accueillir ou repousser ces forces ? Quelles sont les cons\u00e9quences d\u2019un tel positionnement sur une \u00e9thique personnelle et collective ?<\/p>\n<p class=\"text-align-justify\">Enfin, nous interrogerons la mani\u00e8re dont ces concepts influencent les parcours d\u2019individualisation et d\u2019individuation, ce cheminement vers une int\u00e9gration plus large de la psych\u00e9, et proposerons des pistes pour naviguer entre lumi\u00e8re et t\u00e9n\u00e8bres avec discernement et responsabilit\u00e9.<\/p>\n<p class=\"text-align-justify\"><strong><em>Shadow and Evil<\/em><\/strong><\/p>\n<p class=\"text-align-justify\"><em>Drawing on the clinical and conceptual work of Carl Gustav Jung and Marie-Louise von Franz, I will offer you an in-depth reflection on the key concepts of Analytical Psychology based on concrete clinical examples. We will explore the notions of Shadow and evil, their modes of manifestation, as well as their fundamental differences, particularly in their relationship to creativity and destructiveness.<span class=\"\">\u00a0<\/span><\/em><\/p>\n<p class=\"text-align-justify\"><em>The Shadow, as an unconscious aspect of the psyche, can prove to be both a creative force and a destructive potential, while evil raises more complex issues related to ethics and responsibility. These distinctions will be informed by a multitude of examples, which illustrate these dynamics in the context of human experience.<\/em><\/p>\n<p class=\"text-align-justify\"><em>We will also examine the position of the Self in the face of Shadow and evil. How can consciousness welcome or repel these forces? What are the consequences of such a positioning on personal and collective ethics?<\/em><\/p>\n<p class=\"text-align-justify\"><em>Finally, we will question the way in which these concepts influence the paths of individualization and individuation, this path towards a broader integration of the psyche, and will propose avenues for navigating between light and darkness with discernment and responsibility.<\/em><\/p>\n<p>&nbsp;<\/p>\n","protected":false},"excerpt":{"rendered":"<p>\u00a0En m\u2019appuyant sur l\u2019\u0153uvre clinique et conceptuelle de Carl Gustav Jung et de Marie-Louise von Franz, je vous proposerai une r\u00e9flexion approfondie sur les concepts cl\u00e9s de la Psychologie Analytique \u00e0 partir d\u2019exemples cliniques concrets. Nous explorerons les notions d\u2019Ombre et de mal, leurs modes de manifestation, ainsi que leurs diff\u00e9rences fondamentales, notamment dans leur [&hellip;]<\/p>\n","protected":false},"author":17,"featured_media":115095,"comment_status":"closed","ping_status":"closed","template":"","tags":[],"mec_category":[184],"mec_speaker":[3362],"class_list":["post-115094","mec-events","type-mec-events","status-publish","has-post-thumbnail","hentry","mec_category-lecture"],"acf":[],"yoast_head":"<!-- This site is optimized with the Yoast SEO Premium plugin v28.3 (Yoast SEO v28.4) - https:\/\/yoast.com\/product\/yoast-seo-premium-wordpress\/ -->\n<title>L&#039;Ombre et le Mal - JungianDirectory<\/title>\n<meta name=\"robots\" content=\"noindex, follow, max-snippet:-1, max-image-preview:large, max-video-preview:-1\" \/>\n<meta property=\"og:locale\" content=\"en_GB\" \/>\n<meta property=\"og:type\" content=\"article\" \/>\n<meta property=\"og:title\" content=\"L&#039;Ombre et le Mal\" \/>\n<meta property=\"og:description\" content=\"\u00a0En m\u2019appuyant sur l\u2019\u0153uvre clinique et conceptuelle de Carl Gustav Jung et de Marie-Louise von Franz, je vous proposerai une r\u00e9flexion approfondie sur les concepts cl\u00e9s de la Psychologie Analytique \u00e0 partir d\u2019exemples cliniques concrets. Nous explorerons les notions d\u2019Ombre et de mal, leurs modes de manifestation, ainsi que leurs diff\u00e9rences fondamentales, notamment dans leur [&hellip;]\" \/>\n<meta property=\"og:url\" content=\"https:\/\/jungian.directory\/fcxfougk\/jungian-events\/lombre-et-le-mal\/\" \/>\n<meta property=\"og:site_name\" content=\"JungianDirectory\" \/>\n<meta property=\"og:image\" content=\"https:\/\/jungian.directory\/fcxfougk\/wp-content\/uploads\/2025\/11\/the-fight-honoured.jpg\" \/>\n\t<meta property=\"og:image:width\" content=\"576\" \/>\n\t<meta property=\"og:image:height\" content=\"325\" \/>\n\t<meta property=\"og:image:type\" content=\"image\/jpeg\" \/>\n<meta name=\"twitter:card\" content=\"summary_large_image\" \/>\n<meta name=\"twitter:label1\" content=\"Estimated reading time\" \/>\n\t<meta name=\"twitter:data1\" content=\"2 minutes\" \/>\n<script type=\"application\/ld+json\" class=\"yoast-schema-graph\">{\"@context\":\"https:\\\/\\\/schema.org\",\"@graph\":[{\"@type\":\"WebPage\",\"@id\":\"https:\\\/\\\/jungian.directory\\\/fcxfougk\\\/jungian-events\\\/lombre-et-le-mal\\\/\",\"url\":\"https:\\\/\\\/jungian.directory\\\/fcxfougk\\\/jungian-events\\\/lombre-et-le-mal\\\/\",\"name\":\"L'Ombre et le Mal - JungianDirectory\",\"isPartOf\":{\"@id\":\"https:\\\/\\\/jungian.directory\\\/fcxfougk\\\/#website\"},\"primaryImageOfPage\":{\"@id\":\"https:\\\/\\\/jungian.directory\\\/fcxfougk\\\/jungian-events\\\/lombre-et-le-mal\\\/#primaryimage\"},\"image\":{\"@id\":\"https:\\\/\\\/jungian.directory\\\/fcxfougk\\\/jungian-events\\\/lombre-et-le-mal\\\/#primaryimage\"},\"thumbnailUrl\":\"https:\\\/\\\/jungian.directory\\\/fcxfougk\\\/wp-content\\\/uploads\\\/2025\\\/11\\\/the-fight-honoured.jpg\",\"datePublished\":\"2025-11-20T08:47:32+00:00\",\"breadcrumb\":{\"@id\":\"https:\\\/\\\/jungian.directory\\\/fcxfougk\\\/jungian-events\\\/lombre-et-le-mal\\\/#breadcrumb\"},\"inLanguage\":\"en-GB\",\"potentialAction\":[{\"@type\":\"ReadAction\",\"target\":[\"https:\\\/\\\/jungian.directory\\\/fcxfougk\\\/jungian-events\\\/lombre-et-le-mal\\\/\"]}]},{\"@type\":\"ImageObject\",\"inLanguage\":\"en-GB\",\"@id\":\"https:\\\/\\\/jungian.directory\\\/fcxfougk\\\/jungian-events\\\/lombre-et-le-mal\\\/#primaryimage\",\"url\":\"https:\\\/\\\/jungian.directory\\\/fcxfougk\\\/wp-content\\\/uploads\\\/2025\\\/11\\\/the-fight-honoured.jpg\",\"contentUrl\":\"https:\\\/\\\/jungian.directory\\\/fcxfougk\\\/wp-content\\\/uploads\\\/2025\\\/11\\\/the-fight-honoured.jpg\",\"width\":576,\"height\":325},{\"@type\":\"BreadcrumbList\",\"@id\":\"https:\\\/\\\/jungian.directory\\\/fcxfougk\\\/jungian-events\\\/lombre-et-le-mal\\\/#breadcrumb\",\"itemListElement\":[{\"@type\":\"ListItem\",\"position\":1,\"name\":\"Home\",\"item\":\"https:\\\/\\\/jungian.directory\\\/fcxfougk\\\/\"},{\"@type\":\"ListItem\",\"position\":2,\"name\":\"Events\",\"item\":\"https:\\\/\\\/jungian.directory\\\/fcxfougk\\\/jungian-events\\\/\"},{\"@type\":\"ListItem\",\"position\":3,\"name\":\"L&#8217;Ombre et le Mal\"}]},{\"@type\":\"WebSite\",\"@id\":\"https:\\\/\\\/jungian.directory\\\/fcxfougk\\\/#website\",\"url\":\"https:\\\/\\\/jungian.directory\\\/fcxfougk\\\/\",\"name\":\"JungianDirectory\",\"description\":\"Analysts, Events, Training, CPD, Books, etc\",\"publisher\":{\"@id\":\"https:\\\/\\\/jungian.directory\\\/fcxfougk\\\/#organization\"},\"potentialAction\":[{\"@type\":\"SearchAction\",\"target\":{\"@type\":\"EntryPoint\",\"urlTemplate\":\"https:\\\/\\\/jungian.directory\\\/fcxfougk\\\/?s={search_term_string}\"},\"query-input\":{\"@type\":\"PropertyValueSpecification\",\"valueRequired\":true,\"valueName\":\"search_term_string\"}}],\"inLanguage\":\"en-GB\"},{\"@type\":\"Organization\",\"@id\":\"https:\\\/\\\/jungian.directory\\\/fcxfougk\\\/#organization\",\"name\":\"JungianDirectory\",\"url\":\"https:\\\/\\\/jungian.directory\\\/fcxfougk\\\/\",\"logo\":{\"@type\":\"ImageObject\",\"inLanguage\":\"en-GB\",\"@id\":\"https:\\\/\\\/jungian.directory\\\/fcxfougk\\\/#\\\/schema\\\/logo\\\/image\\\/\",\"url\":\"https:\\\/\\\/jungian.directory\\\/fcxfougk\\\/wp-content\\\/uploads\\\/2024\\\/02\\\/cropped-new-logo-test-2024-03-03.png\",\"contentUrl\":\"https:\\\/\\\/jungian.directory\\\/fcxfougk\\\/wp-content\\\/uploads\\\/2024\\\/02\\\/cropped-new-logo-test-2024-03-03.png\",\"width\":512,\"height\":512,\"caption\":\"JungianDirectory\"},\"image\":{\"@id\":\"https:\\\/\\\/jungian.directory\\\/fcxfougk\\\/#\\\/schema\\\/logo\\\/image\\\/\"}}]}<\/script>\n<!-- \/ Yoast SEO Premium plugin. -->","yoast_head_json":{"title":"L'Ombre et le Mal - JungianDirectory","robots":{"index":"noindex","follow":"follow","max-snippet":"max-snippet:-1","max-image-preview":"max-image-preview:large","max-video-preview":"max-video-preview:-1"},"og_locale":"en_GB","og_type":"article","og_title":"L'Ombre et le Mal","og_description":"\u00a0En m\u2019appuyant sur l\u2019\u0153uvre clinique et conceptuelle de Carl Gustav Jung et de Marie-Louise von Franz, je vous proposerai une r\u00e9flexion approfondie sur les concepts cl\u00e9s de la Psychologie Analytique \u00e0 partir d\u2019exemples cliniques concrets. Nous explorerons les notions d\u2019Ombre et de mal, leurs modes de manifestation, ainsi que leurs diff\u00e9rences fondamentales, notamment dans leur [&hellip;]","og_url":"https:\/\/jungian.directory\/fcxfougk\/jungian-events\/lombre-et-le-mal\/","og_site_name":"JungianDirectory","og_image":[{"width":576,"height":325,"url":"https:\/\/jungian.directory\/fcxfougk\/wp-content\/uploads\/2025\/11\/the-fight-honoured.jpg","type":"image\/jpeg"}],"twitter_card":"summary_large_image","twitter_misc":{"Estimated reading time":"2 minutes"},"schema":{"@context":"https:\/\/schema.org","@graph":[{"@type":"WebPage","@id":"https:\/\/jungian.directory\/fcxfougk\/jungian-events\/lombre-et-le-mal\/","url":"https:\/\/jungian.directory\/fcxfougk\/jungian-events\/lombre-et-le-mal\/","name":"L'Ombre et le Mal - JungianDirectory","isPartOf":{"@id":"https:\/\/jungian.directory\/fcxfougk\/#website"},"primaryImageOfPage":{"@id":"https:\/\/jungian.directory\/fcxfougk\/jungian-events\/lombre-et-le-mal\/#primaryimage"},"image":{"@id":"https:\/\/jungian.directory\/fcxfougk\/jungian-events\/lombre-et-le-mal\/#primaryimage"},"thumbnailUrl":"https:\/\/jungian.directory\/fcxfougk\/wp-content\/uploads\/2025\/11\/the-fight-honoured.jpg","datePublished":"2025-11-20T08:47:32+00:00","breadcrumb":{"@id":"https:\/\/jungian.directory\/fcxfougk\/jungian-events\/lombre-et-le-mal\/#breadcrumb"},"inLanguage":"en-GB","potentialAction":[{"@type":"ReadAction","target":["https:\/\/jungian.directory\/fcxfougk\/jungian-events\/lombre-et-le-mal\/"]}]},{"@type":"ImageObject","inLanguage":"en-GB","@id":"https:\/\/jungian.directory\/fcxfougk\/jungian-events\/lombre-et-le-mal\/#primaryimage","url":"https:\/\/jungian.directory\/fcxfougk\/wp-content\/uploads\/2025\/11\/the-fight-honoured.jpg","contentUrl":"https:\/\/jungian.directory\/fcxfougk\/wp-content\/uploads\/2025\/11\/the-fight-honoured.jpg","width":576,"height":325},{"@type":"BreadcrumbList","@id":"https:\/\/jungian.directory\/fcxfougk\/jungian-events\/lombre-et-le-mal\/#breadcrumb","itemListElement":[{"@type":"ListItem","position":1,"name":"Home","item":"https:\/\/jungian.directory\/fcxfougk\/"},{"@type":"ListItem","position":2,"name":"Events","item":"https:\/\/jungian.directory\/fcxfougk\/jungian-events\/"},{"@type":"ListItem","position":3,"name":"L&#8217;Ombre et le Mal"}]},{"@type":"WebSite","@id":"https:\/\/jungian.directory\/fcxfougk\/#website","url":"https:\/\/jungian.directory\/fcxfougk\/","name":"JungianDirectory","description":"Analysts, Events, Training, CPD, Books, etc","publisher":{"@id":"https:\/\/jungian.directory\/fcxfougk\/#organization"},"potentialAction":[{"@type":"SearchAction","target":{"@type":"EntryPoint","urlTemplate":"https:\/\/jungian.directory\/fcxfougk\/?s={search_term_string}"},"query-input":{"@type":"PropertyValueSpecification","valueRequired":true,"valueName":"search_term_string"}}],"inLanguage":"en-GB"},{"@type":"Organization","@id":"https:\/\/jungian.directory\/fcxfougk\/#organization","name":"JungianDirectory","url":"https:\/\/jungian.directory\/fcxfougk\/","logo":{"@type":"ImageObject","inLanguage":"en-GB","@id":"https:\/\/jungian.directory\/fcxfougk\/#\/schema\/logo\/image\/","url":"https:\/\/jungian.directory\/fcxfougk\/wp-content\/uploads\/2024\/02\/cropped-new-logo-test-2024-03-03.png","contentUrl":"https:\/\/jungian.directory\/fcxfougk\/wp-content\/uploads\/2024\/02\/cropped-new-logo-test-2024-03-03.png","width":512,"height":512,"caption":"JungianDirectory"},"image":{"@id":"https:\/\/jungian.directory\/fcxfougk\/#\/schema\/logo\/image\/"}}]}},"_links":{"self":[{"href":"https:\/\/jungian.directory\/fcxfougk\/wp-json\/wp\/v2\/mec-events\/115094","targetHints":{"allow":["GET"]}}],"collection":[{"href":"https:\/\/jungian.directory\/fcxfougk\/wp-json\/wp\/v2\/mec-events"}],"about":[{"href":"https:\/\/jungian.directory\/fcxfougk\/wp-json\/wp\/v2\/types\/mec-events"}],"author":[{"embeddable":true,"href":"https:\/\/jungian.directory\/fcxfougk\/wp-json\/wp\/v2\/users\/17"}],"replies":[{"embeddable":true,"href":"https:\/\/jungian.directory\/fcxfougk\/wp-json\/wp\/v2\/comments?post=115094"}],"wp:featuredmedia":[{"embeddable":true,"href":"https:\/\/jungian.directory\/fcxfougk\/wp-json\/wp\/v2\/media\/115095"}],"wp:attachment":[{"href":"https:\/\/jungian.directory\/fcxfougk\/wp-json\/wp\/v2\/media?parent=115094"}],"wp:term":[{"taxonomy":"post_tag","embeddable":true,"href":"https:\/\/jungian.directory\/fcxfougk\/wp-json\/wp\/v2\/tags?post=115094"},{"taxonomy":"mec_category","embeddable":true,"href":"https:\/\/jungian.directory\/fcxfougk\/wp-json\/wp\/v2\/mec_category?post=115094"},{"taxonomy":"mec_speaker","embeddable":true,"href":"https:\/\/jungian.directory\/fcxfougk\/wp-json\/wp\/v2\/mec_speaker?post=115094"}],"curies":[{"name":"wp","href":"https:\/\/api.w.org\/{rel}","templated":true}]}}