{"id":124757,"date":"2026-01-23T15:19:46","date_gmt":"2026-01-23T15:19:46","guid":{"rendered":"https:\/\/jungian.directory\/fcxfougk\/?post_type=mec-events&#038;p=124757"},"modified":"2026-01-23T15:19:46","modified_gmt":"2026-01-23T15:19:46","slug":"les-complexes-culturels-de-loccident-ombre-et-avenir","status":"publish","type":"mec-events","link":"https:\/\/jungian.directory\/fcxfougk\/jungian-events\/les-complexes-culturels-de-loccident-ombre-et-avenir\/","title":{"rendered":"Les &#8220;complexes culturels&#8221; de l&#8217;Occident, ombre et avenir"},"content":{"rendered":"<p style=\"font-weight: 400;\">Na\u00eetre ici ou ailleurs n\u2019est pas sans cons\u00e9quence. La th\u00e9orie des complexes, telle que Jung l\u2019a \u00e9labor\u00e9e, et telle que l\u2019ont d\u00e9velopp\u00e9e ses successeurs, est un outil pour \u00e9clairer ce qui constitue une \u00ab culture \u00bb et depuis le XIXe si\u00e8cle, les Occidentaux ont pris connaissance peu \u00e0 peu des \u00ab cultures racines \u00bb de par le monde. Mais&#8230; Qu\u2019en est-il de notre &#8216; culture occidentale&#8217; et de nos propres &#8216; complexes culturels&#8217; ?<\/p>\n<p style=\"font-weight: 400;\">La contribution sp\u00e9cifique de Jung \u00e0 la vision de l&#8217;\u00eatre humain nous offre une perspective contextualis\u00e9e : chaque individu appartient \u00e0 une famille, un groupe ou un clan, un pays, un continent, une esp\u00e8ce\u2026 D\u00e8s notre conception, nous sommes immerg\u00e9s dans une culture, une histoire, qui d\u00e9terminent des mani\u00e8res sp\u00e9cifiques de vivre et de penser. La th\u00e9orie des complexes, telle que Jung l&#8217;a d\u00e9velopp\u00e9e, et telle que ses successeurs l&#8217;ont enrichie, est un outil permettant d&#8217;\u00e9clairer ce qui constitue une \u00ab culture \u00bb. Actuellement, le monde globalis\u00e9 montre \u00e0 la fois une rencontre entre cultures pour le meilleur mais aussi des confrontations parfois frontales. La question des cultures, des lunettes \u00e0 travers lesquelles on regarde le monde est fondamentale pour la psychologie analytique, pour la psychanalyse.<\/p>\n<p style=\"font-weight: 400;\">Dans ce colloque nous allons voir quelles sont nos propres &#8220;lunettes&#8221;, celles de la \u00ab culture occidentale \u00bb et donc quels sont nos propres \u00ab complexes culturels \u00bb. Ces complexes pens\u00e9s par Kimbles et Singer nous permettront de r\u00e9fl\u00e9chir \u00e0 ces questions avec des conf\u00e9renciers internationaux.<\/p>\n<p style=\"font-weight: 400;\"><em><strong>The &#8220;cultural complexes&#8221; of the West, shadow and future<\/strong><\/em><\/p>\n<p style=\"font-weight: 400;\"><em>Being born here or elsewhere is not without consequences. The theory of complexes, as Jung developed it, and as developed by his successors, is a tool to shed light on what constitutes a &#8220;culture&#8221; and since the 19th century, Westerners have become aware little by little &#8220;root cultures&#8221; around the world. But&#8230;What about our &#8216;Western culture&#8217; and our own &#8216;cultural complexes&#8217;?<\/em><\/p>\n<p style=\"font-weight: 400;\"><em>Jung&#8217;s specific contribution to the vision of the human being offers us a contextualized perspective: each individual belongs to a family, group or a clan, a country, a continent, a species&#8230; From our conception, we are immersed in a culture, a history, which determines specific ways of living and thinking. Complex theory, as Jung developed it, and as his successors enriched it, is a tool for illuminating what constitutes a &#8221; culture. Currently, the globalized world shows both a meeting between cultures for the better but also sometimes head-on confrontations. The question of cultures, glasses through which we look at the world is fundamental for analytical psychology, for psychoanalysis.<\/em><\/p>\n<p style=\"font-weight: 400;\"><em>In this conference we will see what our own &#8220;glasses&#8221; are, those of &#8220;Western culture&#8221; and therefore what our own &#8220;cultural complexes&#8221; are. These complexes designed by Kimbles and Singer will allow us to reflect on these questions with international speakers.<\/em><\/p>\n","protected":false},"excerpt":{"rendered":"<p>Na\u00eetre ici ou ailleurs n\u2019est pas sans cons\u00e9quence. La th\u00e9orie des complexes, telle que Jung l\u2019a \u00e9labor\u00e9e, et telle que l\u2019ont d\u00e9velopp\u00e9e ses successeurs, est un outil pour \u00e9clairer ce qui constitue une \u00ab culture \u00bb et depuis le XIXe si\u00e8cle, les Occidentaux ont pris connaissance peu \u00e0 peu des \u00ab cultures racines \u00bb de [&hellip;]<\/p>\n","protected":false},"author":17,"featured_media":124758,"comment_status":"closed","ping_status":"closed","template":"","tags":[],"mec_category":[2764,166,542],"mec_speaker":[1274,1544,1346,3406],"class_list":["post-124757","mec-events","type-mec-events","status-publish","has-post-thumbnail","hentry","mec_category-2-newsletter-conference","mec_category-conference","mec_category-webinar"],"acf":[],"yoast_head":"<!-- This site is optimized with the Yoast SEO Premium plugin v28.3 (Yoast SEO v28.4) - https:\/\/yoast.com\/product\/yoast-seo-premium-wordpress\/ -->\n<title>Les &quot;complexes culturels&quot; de l&#039;Occident, ombre et avenir - JungianDirectory<\/title>\n<meta name=\"robots\" content=\"noindex, follow, max-snippet:-1, max-image-preview:large, max-video-preview:-1\" \/>\n<meta property=\"og:locale\" content=\"en_GB\" \/>\n<meta property=\"og:type\" content=\"article\" \/>\n<meta property=\"og:title\" content=\"Les &quot;complexes culturels&quot; de l&#039;Occident, ombre et avenir\" \/>\n<meta property=\"og:description\" content=\"Na\u00eetre ici ou ailleurs n\u2019est pas sans cons\u00e9quence. La th\u00e9orie des complexes, telle que Jung l\u2019a \u00e9labor\u00e9e, et telle que l\u2019ont d\u00e9velopp\u00e9e ses successeurs, est un outil pour \u00e9clairer ce qui constitue une \u00ab culture \u00bb et depuis le XIXe si\u00e8cle, les Occidentaux ont pris connaissance peu \u00e0 peu des \u00ab cultures racines \u00bb de [&hellip;]\" \/>\n<meta property=\"og:url\" content=\"https:\/\/jungian.directory\/fcxfougk\/jungian-events\/les-complexes-culturels-de-loccident-ombre-et-avenir\/\" \/>\n<meta property=\"og:site_name\" content=\"JungianDirectory\" \/>\n<meta property=\"og:image\" content=\"https:\/\/jungian.directory\/fcxfougk\/wp-content\/uploads\/2026\/01\/ajpo-conference.jpg\" \/>\n\t<meta property=\"og:image:width\" content=\"1795\" \/>\n\t<meta property=\"og:image:height\" content=\"2528\" \/>\n\t<meta property=\"og:image:type\" content=\"image\/jpeg\" \/>\n<meta name=\"twitter:card\" content=\"summary_large_image\" \/>\n<meta name=\"twitter:label1\" content=\"Estimated reading time\" \/>\n\t<meta name=\"twitter:data1\" content=\"3 minutes\" \/>\n<script type=\"application\/ld+json\" class=\"yoast-schema-graph\">{\"@context\":\"https:\\\/\\\/schema.org\",\"@graph\":[{\"@type\":\"WebPage\",\"@id\":\"https:\\\/\\\/jungian.directory\\\/fcxfougk\\\/jungian-events\\\/les-complexes-culturels-de-loccident-ombre-et-avenir\\\/\",\"url\":\"https:\\\/\\\/jungian.directory\\\/fcxfougk\\\/jungian-events\\\/les-complexes-culturels-de-loccident-ombre-et-avenir\\\/\",\"name\":\"Les \\\"complexes culturels\\\" de l'Occident, ombre et avenir - JungianDirectory\",\"isPartOf\":{\"@id\":\"https:\\\/\\\/jungian.directory\\\/fcxfougk\\\/#website\"},\"primaryImageOfPage\":{\"@id\":\"https:\\\/\\\/jungian.directory\\\/fcxfougk\\\/jungian-events\\\/les-complexes-culturels-de-loccident-ombre-et-avenir\\\/#primaryimage\"},\"image\":{\"@id\":\"https:\\\/\\\/jungian.directory\\\/fcxfougk\\\/jungian-events\\\/les-complexes-culturels-de-loccident-ombre-et-avenir\\\/#primaryimage\"},\"thumbnailUrl\":\"https:\\\/\\\/jungian.directory\\\/fcxfougk\\\/wp-content\\\/uploads\\\/2026\\\/01\\\/ajpo-conference.jpg\",\"datePublished\":\"2026-01-23T15:19:46+00:00\",\"breadcrumb\":{\"@id\":\"https:\\\/\\\/jungian.directory\\\/fcxfougk\\\/jungian-events\\\/les-complexes-culturels-de-loccident-ombre-et-avenir\\\/#breadcrumb\"},\"inLanguage\":\"en-GB\",\"potentialAction\":[{\"@type\":\"ReadAction\",\"target\":[\"https:\\\/\\\/jungian.directory\\\/fcxfougk\\\/jungian-events\\\/les-complexes-culturels-de-loccident-ombre-et-avenir\\\/\"]}]},{\"@type\":\"ImageObject\",\"inLanguage\":\"en-GB\",\"@id\":\"https:\\\/\\\/jungian.directory\\\/fcxfougk\\\/jungian-events\\\/les-complexes-culturels-de-loccident-ombre-et-avenir\\\/#primaryimage\",\"url\":\"https:\\\/\\\/jungian.directory\\\/fcxfougk\\\/wp-content\\\/uploads\\\/2026\\\/01\\\/ajpo-conference.jpg\",\"contentUrl\":\"https:\\\/\\\/jungian.directory\\\/fcxfougk\\\/wp-content\\\/uploads\\\/2026\\\/01\\\/ajpo-conference.jpg\",\"width\":1795,\"height\":2528},{\"@type\":\"BreadcrumbList\",\"@id\":\"https:\\\/\\\/jungian.directory\\\/fcxfougk\\\/jungian-events\\\/les-complexes-culturels-de-loccident-ombre-et-avenir\\\/#breadcrumb\",\"itemListElement\":[{\"@type\":\"ListItem\",\"position\":1,\"name\":\"Home\",\"item\":\"https:\\\/\\\/jungian.directory\\\/fcxfougk\\\/\"},{\"@type\":\"ListItem\",\"position\":2,\"name\":\"Events\",\"item\":\"https:\\\/\\\/jungian.directory\\\/fcxfougk\\\/jungian-events\\\/\"},{\"@type\":\"ListItem\",\"position\":3,\"name\":\"Les &#8220;complexes culturels&#8221; de l&#8217;Occident, ombre et avenir\"}]},{\"@type\":\"WebSite\",\"@id\":\"https:\\\/\\\/jungian.directory\\\/fcxfougk\\\/#website\",\"url\":\"https:\\\/\\\/jungian.directory\\\/fcxfougk\\\/\",\"name\":\"JungianDirectory\",\"description\":\"Analysts, Events, Training, CPD, Books, etc\",\"publisher\":{\"@id\":\"https:\\\/\\\/jungian.directory\\\/fcxfougk\\\/#organization\"},\"potentialAction\":[{\"@type\":\"SearchAction\",\"target\":{\"@type\":\"EntryPoint\",\"urlTemplate\":\"https:\\\/\\\/jungian.directory\\\/fcxfougk\\\/?s={search_term_string}\"},\"query-input\":{\"@type\":\"PropertyValueSpecification\",\"valueRequired\":true,\"valueName\":\"search_term_string\"}}],\"inLanguage\":\"en-GB\"},{\"@type\":\"Organization\",\"@id\":\"https:\\\/\\\/jungian.directory\\\/fcxfougk\\\/#organization\",\"name\":\"JungianDirectory\",\"url\":\"https:\\\/\\\/jungian.directory\\\/fcxfougk\\\/\",\"logo\":{\"@type\":\"ImageObject\",\"inLanguage\":\"en-GB\",\"@id\":\"https:\\\/\\\/jungian.directory\\\/fcxfougk\\\/#\\\/schema\\\/logo\\\/image\\\/\",\"url\":\"https:\\\/\\\/jungian.directory\\\/fcxfougk\\\/wp-content\\\/uploads\\\/2024\\\/02\\\/cropped-new-logo-test-2024-03-03.png\",\"contentUrl\":\"https:\\\/\\\/jungian.directory\\\/fcxfougk\\\/wp-content\\\/uploads\\\/2024\\\/02\\\/cropped-new-logo-test-2024-03-03.png\",\"width\":512,\"height\":512,\"caption\":\"JungianDirectory\"},\"image\":{\"@id\":\"https:\\\/\\\/jungian.directory\\\/fcxfougk\\\/#\\\/schema\\\/logo\\\/image\\\/\"}}]}<\/script>\n<!-- \/ Yoast SEO Premium plugin. -->","yoast_head_json":{"title":"Les \"complexes culturels\" de l'Occident, ombre et avenir - JungianDirectory","robots":{"index":"noindex","follow":"follow","max-snippet":"max-snippet:-1","max-image-preview":"max-image-preview:large","max-video-preview":"max-video-preview:-1"},"og_locale":"en_GB","og_type":"article","og_title":"Les \"complexes culturels\" de l'Occident, ombre et avenir","og_description":"Na\u00eetre ici ou ailleurs n\u2019est pas sans cons\u00e9quence. La th\u00e9orie des complexes, telle que Jung l\u2019a \u00e9labor\u00e9e, et telle que l\u2019ont d\u00e9velopp\u00e9e ses successeurs, est un outil pour \u00e9clairer ce qui constitue une \u00ab culture \u00bb et depuis le XIXe si\u00e8cle, les Occidentaux ont pris connaissance peu \u00e0 peu des \u00ab cultures racines \u00bb de [&hellip;]","og_url":"https:\/\/jungian.directory\/fcxfougk\/jungian-events\/les-complexes-culturels-de-loccident-ombre-et-avenir\/","og_site_name":"JungianDirectory","og_image":[{"width":1795,"height":2528,"url":"https:\/\/jungian.directory\/fcxfougk\/wp-content\/uploads\/2026\/01\/ajpo-conference.jpg","type":"image\/jpeg"}],"twitter_card":"summary_large_image","twitter_misc":{"Estimated reading time":"3 minutes"},"schema":{"@context":"https:\/\/schema.org","@graph":[{"@type":"WebPage","@id":"https:\/\/jungian.directory\/fcxfougk\/jungian-events\/les-complexes-culturels-de-loccident-ombre-et-avenir\/","url":"https:\/\/jungian.directory\/fcxfougk\/jungian-events\/les-complexes-culturels-de-loccident-ombre-et-avenir\/","name":"Les \"complexes culturels\" de l'Occident, ombre et avenir - JungianDirectory","isPartOf":{"@id":"https:\/\/jungian.directory\/fcxfougk\/#website"},"primaryImageOfPage":{"@id":"https:\/\/jungian.directory\/fcxfougk\/jungian-events\/les-complexes-culturels-de-loccident-ombre-et-avenir\/#primaryimage"},"image":{"@id":"https:\/\/jungian.directory\/fcxfougk\/jungian-events\/les-complexes-culturels-de-loccident-ombre-et-avenir\/#primaryimage"},"thumbnailUrl":"https:\/\/jungian.directory\/fcxfougk\/wp-content\/uploads\/2026\/01\/ajpo-conference.jpg","datePublished":"2026-01-23T15:19:46+00:00","breadcrumb":{"@id":"https:\/\/jungian.directory\/fcxfougk\/jungian-events\/les-complexes-culturels-de-loccident-ombre-et-avenir\/#breadcrumb"},"inLanguage":"en-GB","potentialAction":[{"@type":"ReadAction","target":["https:\/\/jungian.directory\/fcxfougk\/jungian-events\/les-complexes-culturels-de-loccident-ombre-et-avenir\/"]}]},{"@type":"ImageObject","inLanguage":"en-GB","@id":"https:\/\/jungian.directory\/fcxfougk\/jungian-events\/les-complexes-culturels-de-loccident-ombre-et-avenir\/#primaryimage","url":"https:\/\/jungian.directory\/fcxfougk\/wp-content\/uploads\/2026\/01\/ajpo-conference.jpg","contentUrl":"https:\/\/jungian.directory\/fcxfougk\/wp-content\/uploads\/2026\/01\/ajpo-conference.jpg","width":1795,"height":2528},{"@type":"BreadcrumbList","@id":"https:\/\/jungian.directory\/fcxfougk\/jungian-events\/les-complexes-culturels-de-loccident-ombre-et-avenir\/#breadcrumb","itemListElement":[{"@type":"ListItem","position":1,"name":"Home","item":"https:\/\/jungian.directory\/fcxfougk\/"},{"@type":"ListItem","position":2,"name":"Events","item":"https:\/\/jungian.directory\/fcxfougk\/jungian-events\/"},{"@type":"ListItem","position":3,"name":"Les &#8220;complexes culturels&#8221; de l&#8217;Occident, ombre et avenir"}]},{"@type":"WebSite","@id":"https:\/\/jungian.directory\/fcxfougk\/#website","url":"https:\/\/jungian.directory\/fcxfougk\/","name":"JungianDirectory","description":"Analysts, Events, Training, CPD, Books, etc","publisher":{"@id":"https:\/\/jungian.directory\/fcxfougk\/#organization"},"potentialAction":[{"@type":"SearchAction","target":{"@type":"EntryPoint","urlTemplate":"https:\/\/jungian.directory\/fcxfougk\/?s={search_term_string}"},"query-input":{"@type":"PropertyValueSpecification","valueRequired":true,"valueName":"search_term_string"}}],"inLanguage":"en-GB"},{"@type":"Organization","@id":"https:\/\/jungian.directory\/fcxfougk\/#organization","name":"JungianDirectory","url":"https:\/\/jungian.directory\/fcxfougk\/","logo":{"@type":"ImageObject","inLanguage":"en-GB","@id":"https:\/\/jungian.directory\/fcxfougk\/#\/schema\/logo\/image\/","url":"https:\/\/jungian.directory\/fcxfougk\/wp-content\/uploads\/2024\/02\/cropped-new-logo-test-2024-03-03.png","contentUrl":"https:\/\/jungian.directory\/fcxfougk\/wp-content\/uploads\/2024\/02\/cropped-new-logo-test-2024-03-03.png","width":512,"height":512,"caption":"JungianDirectory"},"image":{"@id":"https:\/\/jungian.directory\/fcxfougk\/#\/schema\/logo\/image\/"}}]}},"_links":{"self":[{"href":"https:\/\/jungian.directory\/fcxfougk\/wp-json\/wp\/v2\/mec-events\/124757","targetHints":{"allow":["GET"]}}],"collection":[{"href":"https:\/\/jungian.directory\/fcxfougk\/wp-json\/wp\/v2\/mec-events"}],"about":[{"href":"https:\/\/jungian.directory\/fcxfougk\/wp-json\/wp\/v2\/types\/mec-events"}],"author":[{"embeddable":true,"href":"https:\/\/jungian.directory\/fcxfougk\/wp-json\/wp\/v2\/users\/17"}],"replies":[{"embeddable":true,"href":"https:\/\/jungian.directory\/fcxfougk\/wp-json\/wp\/v2\/comments?post=124757"}],"wp:featuredmedia":[{"embeddable":true,"href":"https:\/\/jungian.directory\/fcxfougk\/wp-json\/wp\/v2\/media\/124758"}],"wp:attachment":[{"href":"https:\/\/jungian.directory\/fcxfougk\/wp-json\/wp\/v2\/media?parent=124757"}],"wp:term":[{"taxonomy":"post_tag","embeddable":true,"href":"https:\/\/jungian.directory\/fcxfougk\/wp-json\/wp\/v2\/tags?post=124757"},{"taxonomy":"mec_category","embeddable":true,"href":"https:\/\/jungian.directory\/fcxfougk\/wp-json\/wp\/v2\/mec_category?post=124757"},{"taxonomy":"mec_speaker","embeddable":true,"href":"https:\/\/jungian.directory\/fcxfougk\/wp-json\/wp\/v2\/mec_speaker?post=124757"}],"curies":[{"name":"wp","href":"https:\/\/api.w.org\/{rel}","templated":true}]}}