{"id":126445,"date":"2026-06-23T11:30:17","date_gmt":"2026-06-23T10:30:17","guid":{"rendered":"https:\/\/jungian.directory\/fcxfougk\/?post_type=mec-events&#038;p=126445"},"modified":"2026-06-23T11:30:17","modified_gmt":"2026-06-23T10:30:17","slug":"marchenpicknick-von-dem-sommer-und-wintergarten","status":"publish","type":"mec-events","link":"https:\/\/jungian.directory\/fcxfougk\/jungian-events\/marchenpicknick-von-dem-sommer-und-wintergarten\/","title":{"rendered":"M\u00e4rchenpicknick: \u00abVon dem Sommer- und Wintergarten\u00bb"},"content":{"rendered":"<p><em>Ein M\u00e4rchen erz\u00e4hlt zu bekommen ist anders als es zu lesen!\u00a0<\/em><\/p>\n<p>Im Mittelpunkt unserer Veranstaltung steht das M\u00e4rchen\u00a0\u00abVon dem Sommer- und Wintergarten\u00bb aus der Erstausgabe der Kinder- und Hausm\u00e4rchen der Br\u00fcder Grimm, welches in sp\u00e4teren Ausgaben nicht mehr enthalten ist. Viele Motive darin finden wir wieder im M\u00e4rchen\u00a0\u00abDie Sch\u00f6ne und das Tier\u00bb \u2013 eine alte Geschichte und doch immer wieder neu! Erz\u00e4hlt wird sie von Veronika Uhlich, die uns dann weiter auch anleitet und begleitet. Wir imaginieren die verschiedenen Bilder und versuchen, sie malend zu gestalten.<\/p>\n<p>Themen, die sich dabei zeigen k\u00f6nnen, sind etwa die Beziehung zwischen V\u00e4tern und T\u00f6chtern, Fragen des Individuationsweges junger Frauen und der Wirklichkeit des Animus, sowie die Auseinandersetzung mit dem Schatten. Im darauffolgenden Gespr\u00e4ch werden die individuellen Eindr\u00fccke aufgenommen und durch ausgew\u00e4hlte Hintergrundaspekte aus der Erz\u00e4hlforschung sowie der Motivdeutung vertieft und in einen gr\u00f6\u00dferen Zusammenhang gestellt.<\/p>\n<p>Das M\u00e4rchenpicknick versteht sich als ruhiger \u00dcbergang in die Sommerzeit \u2013 als Innehalten am Ende des Studienjahres und als Einladung zur Begegnung.<\/p>\n","protected":false},"excerpt":{"rendered":"<p>Ein M\u00e4rchen erz\u00e4hlt zu bekommen ist anders als es zu lesen!\u00a0 Im Mittelpunkt unserer Veranstaltung steht das M\u00e4rchen\u00a0\u00abVon dem Sommer- und Wintergarten\u00bb aus der Erstausgabe der Kinder- und Hausm\u00e4rchen der Br\u00fcder Grimm, welches in sp\u00e4teren Ausgaben nicht mehr enthalten ist. Viele Motive darin finden wir wieder im M\u00e4rchen\u00a0\u00abDie Sch\u00f6ne und das Tier\u00bb \u2013 eine alte [&hellip;]<\/p>\n","protected":false},"author":17,"featured_media":126446,"comment_status":"closed","ping_status":"closed","template":"","tags":[],"mec_category":[1574],"mec_speaker":[],"class_list":["post-126445","mec-events","type-mec-events","status-publish","has-post-thumbnail","hentry","mec_category-celebration"],"acf":[],"yoast_head":"<!-- This site is optimized with the Yoast SEO Premium plugin v28.3 (Yoast SEO v28.4) - https:\/\/yoast.com\/product\/yoast-seo-premium-wordpress\/ -->\n<title>M\u00e4rchenpicknick: \u00abVon dem Sommer- und Wintergarten\u00bb - JungianDirectory<\/title>\n<meta name=\"robots\" content=\"noindex, follow, max-snippet:-1, max-image-preview:large, max-video-preview:-1\" \/>\n<meta property=\"og:locale\" content=\"en_GB\" \/>\n<meta property=\"og:type\" content=\"article\" \/>\n<meta property=\"og:title\" content=\"M\u00e4rchenpicknick: \u00abVon dem Sommer- und Wintergarten\u00bb\" \/>\n<meta property=\"og:description\" content=\"Ein M\u00e4rchen erz\u00e4hlt zu bekommen ist anders als es zu lesen!\u00a0 Im Mittelpunkt unserer Veranstaltung steht das M\u00e4rchen\u00a0\u00abVon dem Sommer- und Wintergarten\u00bb aus der Erstausgabe der Kinder- und Hausm\u00e4rchen der Br\u00fcder Grimm, welches in sp\u00e4teren Ausgaben nicht mehr enthalten ist. Viele Motive darin finden wir wieder im M\u00e4rchen\u00a0\u00abDie Sch\u00f6ne und das Tier\u00bb \u2013 eine alte [&hellip;]\" \/>\n<meta property=\"og:url\" content=\"https:\/\/jungian.directory\/fcxfougk\/jungian-events\/marchenpicknick-von-dem-sommer-und-wintergarten\/\" \/>\n<meta property=\"og:site_name\" content=\"JungianDirectory\" \/>\n<meta property=\"og:image\" content=\"https:\/\/jungian.directory\/fcxfougk\/wp-content\/uploads\/2026\/06\/maerchenpicknick-412x553-1.jpg\" \/>\n\t<meta property=\"og:image:width\" content=\"412\" \/>\n\t<meta property=\"og:image:height\" content=\"553\" \/>\n\t<meta property=\"og:image:type\" content=\"image\/jpeg\" \/>\n<meta name=\"twitter:card\" content=\"summary_large_image\" \/>\n<meta name=\"twitter:label1\" content=\"Estimated reading time\" \/>\n\t<meta name=\"twitter:data1\" content=\"1 minute\" \/>\n<script type=\"application\/ld+json\" class=\"yoast-schema-graph\">{\"@context\":\"https:\\\/\\\/schema.org\",\"@graph\":[{\"@type\":\"WebPage\",\"@id\":\"https:\\\/\\\/jungian.directory\\\/fcxfougk\\\/jungian-events\\\/marchenpicknick-von-dem-sommer-und-wintergarten\\\/\",\"url\":\"https:\\\/\\\/jungian.directory\\\/fcxfougk\\\/jungian-events\\\/marchenpicknick-von-dem-sommer-und-wintergarten\\\/\",\"name\":\"M\u00e4rchenpicknick: \u00abVon dem Sommer- und Wintergarten\u00bb - JungianDirectory\",\"isPartOf\":{\"@id\":\"https:\\\/\\\/jungian.directory\\\/fcxfougk\\\/#website\"},\"primaryImageOfPage\":{\"@id\":\"https:\\\/\\\/jungian.directory\\\/fcxfougk\\\/jungian-events\\\/marchenpicknick-von-dem-sommer-und-wintergarten\\\/#primaryimage\"},\"image\":{\"@id\":\"https:\\\/\\\/jungian.directory\\\/fcxfougk\\\/jungian-events\\\/marchenpicknick-von-dem-sommer-und-wintergarten\\\/#primaryimage\"},\"thumbnailUrl\":\"https:\\\/\\\/jungian.directory\\\/fcxfougk\\\/wp-content\\\/uploads\\\/2026\\\/06\\\/maerchenpicknick-412x553-1.jpg\",\"datePublished\":\"2026-06-23T10:30:17+00:00\",\"breadcrumb\":{\"@id\":\"https:\\\/\\\/jungian.directory\\\/fcxfougk\\\/jungian-events\\\/marchenpicknick-von-dem-sommer-und-wintergarten\\\/#breadcrumb\"},\"inLanguage\":\"en-GB\",\"potentialAction\":[{\"@type\":\"ReadAction\",\"target\":[\"https:\\\/\\\/jungian.directory\\\/fcxfougk\\\/jungian-events\\\/marchenpicknick-von-dem-sommer-und-wintergarten\\\/\"]}]},{\"@type\":\"ImageObject\",\"inLanguage\":\"en-GB\",\"@id\":\"https:\\\/\\\/jungian.directory\\\/fcxfougk\\\/jungian-events\\\/marchenpicknick-von-dem-sommer-und-wintergarten\\\/#primaryimage\",\"url\":\"https:\\\/\\\/jungian.directory\\\/fcxfougk\\\/wp-content\\\/uploads\\\/2026\\\/06\\\/maerchenpicknick-412x553-1.jpg\",\"contentUrl\":\"https:\\\/\\\/jungian.directory\\\/fcxfougk\\\/wp-content\\\/uploads\\\/2026\\\/06\\\/maerchenpicknick-412x553-1.jpg\",\"width\":412,\"height\":553},{\"@type\":\"BreadcrumbList\",\"@id\":\"https:\\\/\\\/jungian.directory\\\/fcxfougk\\\/jungian-events\\\/marchenpicknick-von-dem-sommer-und-wintergarten\\\/#breadcrumb\",\"itemListElement\":[{\"@type\":\"ListItem\",\"position\":1,\"name\":\"Home\",\"item\":\"https:\\\/\\\/jungian.directory\\\/fcxfougk\\\/\"},{\"@type\":\"ListItem\",\"position\":2,\"name\":\"Events\",\"item\":\"https:\\\/\\\/jungian.directory\\\/fcxfougk\\\/jungian-events\\\/\"},{\"@type\":\"ListItem\",\"position\":3,\"name\":\"M\u00e4rchenpicknick: \u00abVon dem Sommer- und Wintergarten\u00bb\"}]},{\"@type\":\"WebSite\",\"@id\":\"https:\\\/\\\/jungian.directory\\\/fcxfougk\\\/#website\",\"url\":\"https:\\\/\\\/jungian.directory\\\/fcxfougk\\\/\",\"name\":\"JungianDirectory\",\"description\":\"Analysts, Events, Training, CPD, Books, etc\",\"publisher\":{\"@id\":\"https:\\\/\\\/jungian.directory\\\/fcxfougk\\\/#organization\"},\"potentialAction\":[{\"@type\":\"SearchAction\",\"target\":{\"@type\":\"EntryPoint\",\"urlTemplate\":\"https:\\\/\\\/jungian.directory\\\/fcxfougk\\\/?s={search_term_string}\"},\"query-input\":{\"@type\":\"PropertyValueSpecification\",\"valueRequired\":true,\"valueName\":\"search_term_string\"}}],\"inLanguage\":\"en-GB\"},{\"@type\":\"Organization\",\"@id\":\"https:\\\/\\\/jungian.directory\\\/fcxfougk\\\/#organization\",\"name\":\"JungianDirectory\",\"url\":\"https:\\\/\\\/jungian.directory\\\/fcxfougk\\\/\",\"logo\":{\"@type\":\"ImageObject\",\"inLanguage\":\"en-GB\",\"@id\":\"https:\\\/\\\/jungian.directory\\\/fcxfougk\\\/#\\\/schema\\\/logo\\\/image\\\/\",\"url\":\"https:\\\/\\\/jungian.directory\\\/fcxfougk\\\/wp-content\\\/uploads\\\/2024\\\/02\\\/cropped-new-logo-test-2024-03-03.png\",\"contentUrl\":\"https:\\\/\\\/jungian.directory\\\/fcxfougk\\\/wp-content\\\/uploads\\\/2024\\\/02\\\/cropped-new-logo-test-2024-03-03.png\",\"width\":512,\"height\":512,\"caption\":\"JungianDirectory\"},\"image\":{\"@id\":\"https:\\\/\\\/jungian.directory\\\/fcxfougk\\\/#\\\/schema\\\/logo\\\/image\\\/\"}}]}<\/script>\n<!-- \/ Yoast SEO Premium plugin. -->","yoast_head_json":{"title":"M\u00e4rchenpicknick: \u00abVon dem Sommer- und Wintergarten\u00bb - JungianDirectory","robots":{"index":"noindex","follow":"follow","max-snippet":"max-snippet:-1","max-image-preview":"max-image-preview:large","max-video-preview":"max-video-preview:-1"},"og_locale":"en_GB","og_type":"article","og_title":"M\u00e4rchenpicknick: \u00abVon dem Sommer- und Wintergarten\u00bb","og_description":"Ein M\u00e4rchen erz\u00e4hlt zu bekommen ist anders als es zu lesen!\u00a0 Im Mittelpunkt unserer Veranstaltung steht das M\u00e4rchen\u00a0\u00abVon dem Sommer- und Wintergarten\u00bb aus der Erstausgabe der Kinder- und Hausm\u00e4rchen der Br\u00fcder Grimm, welches in sp\u00e4teren Ausgaben nicht mehr enthalten ist. Viele Motive darin finden wir wieder im M\u00e4rchen\u00a0\u00abDie Sch\u00f6ne und das Tier\u00bb \u2013 eine alte [&hellip;]","og_url":"https:\/\/jungian.directory\/fcxfougk\/jungian-events\/marchenpicknick-von-dem-sommer-und-wintergarten\/","og_site_name":"JungianDirectory","og_image":[{"width":412,"height":553,"url":"https:\/\/jungian.directory\/fcxfougk\/wp-content\/uploads\/2026\/06\/maerchenpicknick-412x553-1.jpg","type":"image\/jpeg"}],"twitter_card":"summary_large_image","twitter_misc":{"Estimated reading time":"1 minute"},"schema":{"@context":"https:\/\/schema.org","@graph":[{"@type":"WebPage","@id":"https:\/\/jungian.directory\/fcxfougk\/jungian-events\/marchenpicknick-von-dem-sommer-und-wintergarten\/","url":"https:\/\/jungian.directory\/fcxfougk\/jungian-events\/marchenpicknick-von-dem-sommer-und-wintergarten\/","name":"M\u00e4rchenpicknick: \u00abVon dem Sommer- und Wintergarten\u00bb - JungianDirectory","isPartOf":{"@id":"https:\/\/jungian.directory\/fcxfougk\/#website"},"primaryImageOfPage":{"@id":"https:\/\/jungian.directory\/fcxfougk\/jungian-events\/marchenpicknick-von-dem-sommer-und-wintergarten\/#primaryimage"},"image":{"@id":"https:\/\/jungian.directory\/fcxfougk\/jungian-events\/marchenpicknick-von-dem-sommer-und-wintergarten\/#primaryimage"},"thumbnailUrl":"https:\/\/jungian.directory\/fcxfougk\/wp-content\/uploads\/2026\/06\/maerchenpicknick-412x553-1.jpg","datePublished":"2026-06-23T10:30:17+00:00","breadcrumb":{"@id":"https:\/\/jungian.directory\/fcxfougk\/jungian-events\/marchenpicknick-von-dem-sommer-und-wintergarten\/#breadcrumb"},"inLanguage":"en-GB","potentialAction":[{"@type":"ReadAction","target":["https:\/\/jungian.directory\/fcxfougk\/jungian-events\/marchenpicknick-von-dem-sommer-und-wintergarten\/"]}]},{"@type":"ImageObject","inLanguage":"en-GB","@id":"https:\/\/jungian.directory\/fcxfougk\/jungian-events\/marchenpicknick-von-dem-sommer-und-wintergarten\/#primaryimage","url":"https:\/\/jungian.directory\/fcxfougk\/wp-content\/uploads\/2026\/06\/maerchenpicknick-412x553-1.jpg","contentUrl":"https:\/\/jungian.directory\/fcxfougk\/wp-content\/uploads\/2026\/06\/maerchenpicknick-412x553-1.jpg","width":412,"height":553},{"@type":"BreadcrumbList","@id":"https:\/\/jungian.directory\/fcxfougk\/jungian-events\/marchenpicknick-von-dem-sommer-und-wintergarten\/#breadcrumb","itemListElement":[{"@type":"ListItem","position":1,"name":"Home","item":"https:\/\/jungian.directory\/fcxfougk\/"},{"@type":"ListItem","position":2,"name":"Events","item":"https:\/\/jungian.directory\/fcxfougk\/jungian-events\/"},{"@type":"ListItem","position":3,"name":"M\u00e4rchenpicknick: \u00abVon dem Sommer- und Wintergarten\u00bb"}]},{"@type":"WebSite","@id":"https:\/\/jungian.directory\/fcxfougk\/#website","url":"https:\/\/jungian.directory\/fcxfougk\/","name":"JungianDirectory","description":"Analysts, Events, Training, CPD, Books, etc","publisher":{"@id":"https:\/\/jungian.directory\/fcxfougk\/#organization"},"potentialAction":[{"@type":"SearchAction","target":{"@type":"EntryPoint","urlTemplate":"https:\/\/jungian.directory\/fcxfougk\/?s={search_term_string}"},"query-input":{"@type":"PropertyValueSpecification","valueRequired":true,"valueName":"search_term_string"}}],"inLanguage":"en-GB"},{"@type":"Organization","@id":"https:\/\/jungian.directory\/fcxfougk\/#organization","name":"JungianDirectory","url":"https:\/\/jungian.directory\/fcxfougk\/","logo":{"@type":"ImageObject","inLanguage":"en-GB","@id":"https:\/\/jungian.directory\/fcxfougk\/#\/schema\/logo\/image\/","url":"https:\/\/jungian.directory\/fcxfougk\/wp-content\/uploads\/2024\/02\/cropped-new-logo-test-2024-03-03.png","contentUrl":"https:\/\/jungian.directory\/fcxfougk\/wp-content\/uploads\/2024\/02\/cropped-new-logo-test-2024-03-03.png","width":512,"height":512,"caption":"JungianDirectory"},"image":{"@id":"https:\/\/jungian.directory\/fcxfougk\/#\/schema\/logo\/image\/"}}]}},"_links":{"self":[{"href":"https:\/\/jungian.directory\/fcxfougk\/wp-json\/wp\/v2\/mec-events\/126445","targetHints":{"allow":["GET"]}}],"collection":[{"href":"https:\/\/jungian.directory\/fcxfougk\/wp-json\/wp\/v2\/mec-events"}],"about":[{"href":"https:\/\/jungian.directory\/fcxfougk\/wp-json\/wp\/v2\/types\/mec-events"}],"author":[{"embeddable":true,"href":"https:\/\/jungian.directory\/fcxfougk\/wp-json\/wp\/v2\/users\/17"}],"replies":[{"embeddable":true,"href":"https:\/\/jungian.directory\/fcxfougk\/wp-json\/wp\/v2\/comments?post=126445"}],"wp:featuredmedia":[{"embeddable":true,"href":"https:\/\/jungian.directory\/fcxfougk\/wp-json\/wp\/v2\/media\/126446"}],"wp:attachment":[{"href":"https:\/\/jungian.directory\/fcxfougk\/wp-json\/wp\/v2\/media?parent=126445"}],"wp:term":[{"taxonomy":"post_tag","embeddable":true,"href":"https:\/\/jungian.directory\/fcxfougk\/wp-json\/wp\/v2\/tags?post=126445"},{"taxonomy":"mec_category","embeddable":true,"href":"https:\/\/jungian.directory\/fcxfougk\/wp-json\/wp\/v2\/mec_category?post=126445"},{"taxonomy":"mec_speaker","embeddable":true,"href":"https:\/\/jungian.directory\/fcxfougk\/wp-json\/wp\/v2\/mec_speaker?post=126445"}],"curies":[{"name":"wp","href":"https:\/\/api.w.org\/{rel}","templated":true}]}}