{"id":126955,"date":"2026-08-05T12:23:21","date_gmt":"2026-08-05T11:23:21","guid":{"rendered":"https:\/\/jungian.directory\/fcxfougk\/?post_type=mec-events&#038;p=126955"},"modified":"2026-08-05T12:23:21","modified_gmt":"2026-08-05T11:23:21","slug":"creativite-et-imagination-active-au-coeur-de-la-fonction-transcendante","status":"publish","type":"mec-events","link":"https:\/\/jungian.directory\/fcxfougk\/jungian-events\/creativite-et-imagination-active-au-coeur-de-la-fonction-transcendante\/","title":{"rendered":"Cr\u00e9ativit\u00e9 et imagination active, au c\u0153ur de la fonction transcendante"},"content":{"rendered":"<p>Un stage immersif de 4 jours proposant une exploration vivante de la fonction transcendante selon C. G. Jung. \u00c0 travers la cr\u00e9ativit\u00e9 et l&#8217;imagination active, les participant\u00b7e\u00b7s entrent en relation avec leurs images int\u00e9rieures via l&#8217;\u00e9criture, le dessin, le mouvement, la danse, le jeu symbolique et la r\u00eaverie dirig\u00e9e. Le stage articule conf\u00e9rences th\u00e9oriques et ateliers exp\u00e9rientiels, dans le cadre naturel du Domaine des 7 Vallons.<\/p>\n<p class=\"font-claude-response-body break-words whitespace-normal\" dir=\"ltr\"><strong>Programme\u00a0<\/strong><\/p>\n<p class=\"font-claude-response-body break-words whitespace-normal\" dir=\"ltr\"><strong>Jeudi 29 octobre<\/strong><\/p>\n<ul class=\"[li_&amp;]:mb-0 [li_&amp;]:mt-1 [li_&amp;]:gap-1 [&amp;:not(:last-child)_ul]:pb-1 [&amp;:not(:last-child)_ol]:pb-1 list-disc flex flex-col gap-1 pl-8 mb-3 print:block print:space-y-1\" dir=\"ltr\">\n<li class=\"font-claude-response-body whitespace-normal break-words pl-2\">12h30\u201313h30 \u2014 Repas d&#8217;ouverture offert par l&#8217;association<\/li>\n<li class=\"font-claude-response-body whitespace-normal break-words pl-2\">14h00\u201316h00 \u2014 Catherine Wirtz \/ Grand groupe \/ Ext\u00e9rieur<\/li>\n<li class=\"font-claude-response-body whitespace-normal break-words pl-2\">16h00\u201316h30 \u2014 Pause go\u00fbter<\/li>\n<li class=\"font-claude-response-body whitespace-normal break-words pl-2\">16h30\u201319h30 \u2014 Csilla Kemenczei \/ Atelier 1 \/ Petit groupe \/ Salle 100 m2<\/li>\n<li class=\"font-claude-response-body whitespace-normal break-words pl-2\">19h30\u201320h30 \u2014 D\u00eener<\/li>\n<li class=\"font-claude-response-body whitespace-normal break-words pl-2\">20h45\u201322h15 \u2014 Jean-Fran\u00e7ois Alizon \/ Conf\u00e9rence partie 1 \/ Grand groupe \/ Salle 200 m2<\/li>\n<\/ul>\n<p class=\"font-claude-response-body break-words whitespace-normal\" dir=\"ltr\"><strong>Vendredi 30 octobre<\/strong><\/p>\n<ul class=\"[li_&amp;]:mb-0 [li_&amp;]:mt-1 [li_&amp;]:gap-1 [&amp;:not(:last-child)_ul]:pb-1 [&amp;:not(:last-child)_ol]:pb-1 list-disc flex flex-col gap-1 pl-8 mb-3 print:block print:space-y-1\" dir=\"ltr\">\n<li class=\"font-claude-response-body whitespace-normal break-words pl-2\">8h00\u20139h00 \u2014 Petit d\u00e9jeuner<\/li>\n<li class=\"font-claude-response-body whitespace-normal break-words pl-2\">9h30\u201312h30 \u2014 Chantal Delacotte \/ Atelier 1 \/ Petit groupe \/ Ext\u00e9rieur ou salle 100 m2<\/li>\n<li class=\"font-claude-response-body whitespace-normal break-words pl-2\">9h30\u201312h30 \u2014 Nathalie Champougny \/ Atelier 1 \/ Moyen groupe \/ Salle 200 m2<\/li>\n<li class=\"font-claude-response-body whitespace-normal break-words pl-2\">12h30\u201313h30 \u2014 D\u00e9jeuner<\/li>\n<li class=\"font-claude-response-body whitespace-normal break-words pl-2\">13h30\u201316h30 \u2014 Chantal Delacotte \/ Atelier 2 \/ Petit groupe \/ Ext\u00e9rieur ou salle 100 m2<\/li>\n<li class=\"font-claude-response-body whitespace-normal break-words pl-2\">13h30\u201316h30 \u2014 Jean-Fran\u00e7ois Alizon \/ Atelier 1 \/ Groupe personnes en recherche \/ Salle 200 m2<\/li>\n<li class=\"font-claude-response-body whitespace-normal break-words pl-2\">16h00\u201316h30 \u2014 Pause go\u00fbter<\/li>\n<li class=\"font-claude-response-body whitespace-normal break-words pl-2\">16h30\u201319h30 \u2014 Csilla Kemenczei \/ Atelier 2 \/ Petit groupe \/ Salle 100 m2<\/li>\n<li class=\"font-claude-response-body whitespace-normal break-words pl-2\">19h30\u201320h30 \u2014 D\u00eener<\/li>\n<li class=\"font-claude-response-body whitespace-normal break-words pl-2\">20h45\u201322h30 \u2014 Jean-Fran\u00e7ois Alizon \/ Conf\u00e9rence partie 2 \/ Grand groupe \/ Salle 200 m2<\/li>\n<\/ul>\n<p class=\"font-claude-response-body break-words whitespace-normal\" dir=\"ltr\"><strong>Samedi 31 octobre<\/strong><\/p>\n<ul class=\"[li_&amp;]:mb-0 [li_&amp;]:mt-1 [li_&amp;]:gap-1 [&amp;:not(:last-child)_ul]:pb-1 [&amp;:not(:last-child)_ol]:pb-1 list-disc flex flex-col gap-1 pl-8 mb-3 print:block print:space-y-1\" dir=\"ltr\">\n<li class=\"font-claude-response-body whitespace-normal break-words pl-2\">8h00\u20139h00 \u2014 Petit d\u00e9jeuner<\/li>\n<li class=\"font-claude-response-body whitespace-normal break-words pl-2\">9h30\u201312h00 \u2014 Titaua Izern \/ Grand groupe \/ Ext\u00e9rieur<\/li>\n<li class=\"font-claude-response-body whitespace-normal break-words pl-2\">12h30\u201313h30 \u2014 D\u00e9jeuner<\/li>\n<li class=\"font-claude-response-body whitespace-normal break-words pl-2\">13h30\u201316h30 \u2014 Chantal Delacotte \/ Atelier 3 \/ Petit groupe \/ Ext\u00e9rieur ou salle 100 m2<\/li>\n<li class=\"font-claude-response-body whitespace-normal break-words pl-2\">13h30\u201316h30 \u2014 Nathalie Champougny \/ Atelier 2 \/ Moyen groupe \/ Salle 200 m2<\/li>\n<li class=\"font-claude-response-body whitespace-normal break-words pl-2\">16h00\u201316h30 \u2014 Pause go\u00fbter<\/li>\n<li class=\"font-claude-response-body whitespace-normal break-words pl-2\">16h30\u201319h30 \u2014 Jean-Fran\u00e7ois Alizon \/ Atelier 2 \/ Groupe personnes en recherche \/ Salle 100 m2<\/li>\n<li class=\"font-claude-response-body whitespace-normal break-words pl-2\">19h30\u201320h30 \u2014 D\u00eener<\/li>\n<li class=\"font-claude-response-body whitespace-normal break-words pl-2\">20h30\u201322h00 \u2014 Nathalie Champougny \/ Bain sonore \/ Grand groupe \/ Salle 200 m2<\/li>\n<\/ul>\n<p class=\"font-claude-response-body break-words whitespace-normal\" dir=\"ltr\"><strong>Dimanche 1er novembre<\/strong><\/p>\n<ul class=\"[li_&amp;]:mb-0 [li_&amp;]:mt-1 [li_&amp;]:gap-1 [&amp;:not(:last-child)_ul]:pb-1 [&amp;:not(:last-child)_ol]:pb-1 list-disc flex flex-col gap-1 pl-8 mb-3 print:block print:space-y-1\" dir=\"ltr\">\n<li class=\"font-claude-response-body whitespace-normal break-words pl-2\">6h00\u20138h30 \u2014 Csilla Kemenczei \/ Atelier 3 \/ Petit groupe \/ Salle 100 m2<\/li>\n<li class=\"font-claude-response-body whitespace-normal break-words pl-2\">8h00\u20139h00 \u2014 Petit d\u00e9jeuner<\/li>\n<li class=\"font-claude-response-body whitespace-normal break-words pl-2\">9h30\u201311h00 \u2014 Matthieu Mar\u00e8s \/ Atelier \/ Grand groupe \/ Salle 200 m2<\/li>\n<li class=\"font-claude-response-body whitespace-normal break-words pl-2\">11h00\u201311h30 \u2014 Pause<\/li>\n<li class=\"font-claude-response-body whitespace-normal break-words pl-2\">11h30\u201312h30 \u2014 Int\u00e9gration g\u00e9n\u00e9rale avec tou\u00b7te\u00b7s les intervenant\u00b7e\u00b7s \/ Grand groupe \/ Salle 200 m2<\/li>\n<li class=\"font-claude-response-body whitespace-normal break-words pl-2\">12h30\u201314h00 \u2014 D\u00e9jeuner de cl\u00f4ture offert par l&#8217;association<\/li>\n<\/ul>\n<p class=\"font-claude-response-body break-words whitespace-normal\" dir=\"ltr\">D\u00e9part du Domaine des 7 Vallons apr\u00e8s 14h00<\/p>\n","protected":false},"excerpt":{"rendered":"<p>Un stage immersif de 4 jours proposant une exploration vivante de la fonction transcendante selon C. G. Jung. \u00c0 travers la cr\u00e9ativit\u00e9 et l&#8217;imagination active, les participant\u00b7e\u00b7s entrent en relation avec leurs images int\u00e9rieures via l&#8217;\u00e9criture, le dessin, le mouvement, la danse, le jeu symbolique et la r\u00eaverie dirig\u00e9e. Le stage articule conf\u00e9rences th\u00e9oriques et [&hellip;]<\/p>\n","protected":false},"author":17,"featured_media":126956,"comment_status":"closed","ping_status":"closed","template":"","tags":[],"mec_category":[210],"mec_speaker":[],"class_list":["post-126955","mec-events","type-mec-events","status-publish","has-post-thumbnail","hentry","mec_category-workshop"],"acf":[],"yoast_head":"<!-- This site is optimized with the Yoast SEO Premium plugin v28.3 (Yoast SEO v28.4) - https:\/\/yoast.com\/product\/yoast-seo-premium-wordpress\/ -->\n<title>Cr\u00e9ativit\u00e9 et imagination active, au c\u0153ur de la fonction transcendante - JungianDirectory<\/title>\n<meta name=\"robots\" content=\"noindex, follow, max-snippet:-1, max-image-preview:large, max-video-preview:-1\" \/>\n<meta property=\"og:locale\" content=\"en_GB\" \/>\n<meta property=\"og:type\" content=\"article\" \/>\n<meta property=\"og:title\" content=\"Cr\u00e9ativit\u00e9 et imagination active, au c\u0153ur de la fonction transcendante\" \/>\n<meta property=\"og:description\" content=\"Un stage immersif de 4 jours proposant une exploration vivante de la fonction transcendante selon C. G. Jung. \u00c0 travers la cr\u00e9ativit\u00e9 et l&#8217;imagination active, les participant\u00b7e\u00b7s entrent en relation avec leurs images int\u00e9rieures via l&#8217;\u00e9criture, le dessin, le mouvement, la danse, le jeu symbolique et la r\u00eaverie dirig\u00e9e. Le stage articule conf\u00e9rences th\u00e9oriques et [&hellip;]\" \/>\n<meta property=\"og:url\" content=\"https:\/\/jungian.directory\/fcxfougk\/jungian-events\/creativite-et-imagination-active-au-coeur-de-la-fonction-transcendante\/\" \/>\n<meta property=\"og:site_name\" content=\"JungianDirectory\" \/>\n<meta property=\"og:image\" content=\"https:\/\/jungian.directory\/fcxfougk\/wp-content\/uploads\/2026\/08\/antler-man.webp\" \/>\n\t<meta property=\"og:image:width\" content=\"1050\" \/>\n\t<meta property=\"og:image:height\" content=\"1498\" \/>\n\t<meta property=\"og:image:type\" content=\"image\/webp\" \/>\n<meta name=\"twitter:card\" content=\"summary_large_image\" \/>\n<meta name=\"twitter:label1\" content=\"Estimated reading time\" \/>\n\t<meta name=\"twitter:data1\" content=\"2 minutes\" \/>\n<script type=\"application\/ld+json\" class=\"yoast-schema-graph\">{\"@context\":\"https:\\\/\\\/schema.org\",\"@graph\":[{\"@type\":\"WebPage\",\"@id\":\"https:\\\/\\\/jungian.directory\\\/fcxfougk\\\/jungian-events\\\/creativite-et-imagination-active-au-coeur-de-la-fonction-transcendante\\\/\",\"url\":\"https:\\\/\\\/jungian.directory\\\/fcxfougk\\\/jungian-events\\\/creativite-et-imagination-active-au-coeur-de-la-fonction-transcendante\\\/\",\"name\":\"Cr\u00e9ativit\u00e9 et imagination active, au c\u0153ur de la fonction transcendante - JungianDirectory\",\"isPartOf\":{\"@id\":\"https:\\\/\\\/jungian.directory\\\/fcxfougk\\\/#website\"},\"primaryImageOfPage\":{\"@id\":\"https:\\\/\\\/jungian.directory\\\/fcxfougk\\\/jungian-events\\\/creativite-et-imagination-active-au-coeur-de-la-fonction-transcendante\\\/#primaryimage\"},\"image\":{\"@id\":\"https:\\\/\\\/jungian.directory\\\/fcxfougk\\\/jungian-events\\\/creativite-et-imagination-active-au-coeur-de-la-fonction-transcendante\\\/#primaryimage\"},\"thumbnailUrl\":\"https:\\\/\\\/jungian.directory\\\/fcxfougk\\\/wp-content\\\/uploads\\\/2026\\\/08\\\/antler-man.webp\",\"datePublished\":\"2026-08-05T11:23:21+00:00\",\"breadcrumb\":{\"@id\":\"https:\\\/\\\/jungian.directory\\\/fcxfougk\\\/jungian-events\\\/creativite-et-imagination-active-au-coeur-de-la-fonction-transcendante\\\/#breadcrumb\"},\"inLanguage\":\"en-GB\",\"potentialAction\":[{\"@type\":\"ReadAction\",\"target\":[\"https:\\\/\\\/jungian.directory\\\/fcxfougk\\\/jungian-events\\\/creativite-et-imagination-active-au-coeur-de-la-fonction-transcendante\\\/\"]}]},{\"@type\":\"ImageObject\",\"inLanguage\":\"en-GB\",\"@id\":\"https:\\\/\\\/jungian.directory\\\/fcxfougk\\\/jungian-events\\\/creativite-et-imagination-active-au-coeur-de-la-fonction-transcendante\\\/#primaryimage\",\"url\":\"https:\\\/\\\/jungian.directory\\\/fcxfougk\\\/wp-content\\\/uploads\\\/2026\\\/08\\\/antler-man.webp\",\"contentUrl\":\"https:\\\/\\\/jungian.directory\\\/fcxfougk\\\/wp-content\\\/uploads\\\/2026\\\/08\\\/antler-man.webp\",\"width\":1050,\"height\":1498},{\"@type\":\"BreadcrumbList\",\"@id\":\"https:\\\/\\\/jungian.directory\\\/fcxfougk\\\/jungian-events\\\/creativite-et-imagination-active-au-coeur-de-la-fonction-transcendante\\\/#breadcrumb\",\"itemListElement\":[{\"@type\":\"ListItem\",\"position\":1,\"name\":\"Home\",\"item\":\"https:\\\/\\\/jungian.directory\\\/fcxfougk\\\/\"},{\"@type\":\"ListItem\",\"position\":2,\"name\":\"Events\",\"item\":\"https:\\\/\\\/jungian.directory\\\/fcxfougk\\\/jungian-events\\\/\"},{\"@type\":\"ListItem\",\"position\":3,\"name\":\"Cr\u00e9ativit\u00e9 et imagination active, au c\u0153ur de la fonction transcendante\"}]},{\"@type\":\"WebSite\",\"@id\":\"https:\\\/\\\/jungian.directory\\\/fcxfougk\\\/#website\",\"url\":\"https:\\\/\\\/jungian.directory\\\/fcxfougk\\\/\",\"name\":\"JungianDirectory\",\"description\":\"Analysts, Events, Training, CPD, Books, etc\",\"publisher\":{\"@id\":\"https:\\\/\\\/jungian.directory\\\/fcxfougk\\\/#organization\"},\"potentialAction\":[{\"@type\":\"SearchAction\",\"target\":{\"@type\":\"EntryPoint\",\"urlTemplate\":\"https:\\\/\\\/jungian.directory\\\/fcxfougk\\\/?s={search_term_string}\"},\"query-input\":{\"@type\":\"PropertyValueSpecification\",\"valueRequired\":true,\"valueName\":\"search_term_string\"}}],\"inLanguage\":\"en-GB\"},{\"@type\":\"Organization\",\"@id\":\"https:\\\/\\\/jungian.directory\\\/fcxfougk\\\/#organization\",\"name\":\"JungianDirectory\",\"url\":\"https:\\\/\\\/jungian.directory\\\/fcxfougk\\\/\",\"logo\":{\"@type\":\"ImageObject\",\"inLanguage\":\"en-GB\",\"@id\":\"https:\\\/\\\/jungian.directory\\\/fcxfougk\\\/#\\\/schema\\\/logo\\\/image\\\/\",\"url\":\"https:\\\/\\\/jungian.directory\\\/fcxfougk\\\/wp-content\\\/uploads\\\/2024\\\/02\\\/cropped-new-logo-test-2024-03-03.png\",\"contentUrl\":\"https:\\\/\\\/jungian.directory\\\/fcxfougk\\\/wp-content\\\/uploads\\\/2024\\\/02\\\/cropped-new-logo-test-2024-03-03.png\",\"width\":512,\"height\":512,\"caption\":\"JungianDirectory\"},\"image\":{\"@id\":\"https:\\\/\\\/jungian.directory\\\/fcxfougk\\\/#\\\/schema\\\/logo\\\/image\\\/\"}}]}<\/script>\n<!-- \/ Yoast SEO Premium plugin. -->","yoast_head_json":{"title":"Cr\u00e9ativit\u00e9 et imagination active, au c\u0153ur de la fonction transcendante - JungianDirectory","robots":{"index":"noindex","follow":"follow","max-snippet":"max-snippet:-1","max-image-preview":"max-image-preview:large","max-video-preview":"max-video-preview:-1"},"og_locale":"en_GB","og_type":"article","og_title":"Cr\u00e9ativit\u00e9 et imagination active, au c\u0153ur de la fonction transcendante","og_description":"Un stage immersif de 4 jours proposant une exploration vivante de la fonction transcendante selon C. G. Jung. \u00c0 travers la cr\u00e9ativit\u00e9 et l&#8217;imagination active, les participant\u00b7e\u00b7s entrent en relation avec leurs images int\u00e9rieures via l&#8217;\u00e9criture, le dessin, le mouvement, la danse, le jeu symbolique et la r\u00eaverie dirig\u00e9e. Le stage articule conf\u00e9rences th\u00e9oriques et [&hellip;]","og_url":"https:\/\/jungian.directory\/fcxfougk\/jungian-events\/creativite-et-imagination-active-au-coeur-de-la-fonction-transcendante\/","og_site_name":"JungianDirectory","og_image":[{"width":1050,"height":1498,"url":"https:\/\/jungian.directory\/fcxfougk\/wp-content\/uploads\/2026\/08\/antler-man.webp","type":"image\/webp"}],"twitter_card":"summary_large_image","twitter_misc":{"Estimated reading time":"2 minutes"},"schema":{"@context":"https:\/\/schema.org","@graph":[{"@type":"WebPage","@id":"https:\/\/jungian.directory\/fcxfougk\/jungian-events\/creativite-et-imagination-active-au-coeur-de-la-fonction-transcendante\/","url":"https:\/\/jungian.directory\/fcxfougk\/jungian-events\/creativite-et-imagination-active-au-coeur-de-la-fonction-transcendante\/","name":"Cr\u00e9ativit\u00e9 et imagination active, au c\u0153ur de la fonction transcendante - JungianDirectory","isPartOf":{"@id":"https:\/\/jungian.directory\/fcxfougk\/#website"},"primaryImageOfPage":{"@id":"https:\/\/jungian.directory\/fcxfougk\/jungian-events\/creativite-et-imagination-active-au-coeur-de-la-fonction-transcendante\/#primaryimage"},"image":{"@id":"https:\/\/jungian.directory\/fcxfougk\/jungian-events\/creativite-et-imagination-active-au-coeur-de-la-fonction-transcendante\/#primaryimage"},"thumbnailUrl":"https:\/\/jungian.directory\/fcxfougk\/wp-content\/uploads\/2026\/08\/antler-man.webp","datePublished":"2026-08-05T11:23:21+00:00","breadcrumb":{"@id":"https:\/\/jungian.directory\/fcxfougk\/jungian-events\/creativite-et-imagination-active-au-coeur-de-la-fonction-transcendante\/#breadcrumb"},"inLanguage":"en-GB","potentialAction":[{"@type":"ReadAction","target":["https:\/\/jungian.directory\/fcxfougk\/jungian-events\/creativite-et-imagination-active-au-coeur-de-la-fonction-transcendante\/"]}]},{"@type":"ImageObject","inLanguage":"en-GB","@id":"https:\/\/jungian.directory\/fcxfougk\/jungian-events\/creativite-et-imagination-active-au-coeur-de-la-fonction-transcendante\/#primaryimage","url":"https:\/\/jungian.directory\/fcxfougk\/wp-content\/uploads\/2026\/08\/antler-man.webp","contentUrl":"https:\/\/jungian.directory\/fcxfougk\/wp-content\/uploads\/2026\/08\/antler-man.webp","width":1050,"height":1498},{"@type":"BreadcrumbList","@id":"https:\/\/jungian.directory\/fcxfougk\/jungian-events\/creativite-et-imagination-active-au-coeur-de-la-fonction-transcendante\/#breadcrumb","itemListElement":[{"@type":"ListItem","position":1,"name":"Home","item":"https:\/\/jungian.directory\/fcxfougk\/"},{"@type":"ListItem","position":2,"name":"Events","item":"https:\/\/jungian.directory\/fcxfougk\/jungian-events\/"},{"@type":"ListItem","position":3,"name":"Cr\u00e9ativit\u00e9 et imagination active, au c\u0153ur de la fonction transcendante"}]},{"@type":"WebSite","@id":"https:\/\/jungian.directory\/fcxfougk\/#website","url":"https:\/\/jungian.directory\/fcxfougk\/","name":"JungianDirectory","description":"Analysts, Events, Training, CPD, Books, etc","publisher":{"@id":"https:\/\/jungian.directory\/fcxfougk\/#organization"},"potentialAction":[{"@type":"SearchAction","target":{"@type":"EntryPoint","urlTemplate":"https:\/\/jungian.directory\/fcxfougk\/?s={search_term_string}"},"query-input":{"@type":"PropertyValueSpecification","valueRequired":true,"valueName":"search_term_string"}}],"inLanguage":"en-GB"},{"@type":"Organization","@id":"https:\/\/jungian.directory\/fcxfougk\/#organization","name":"JungianDirectory","url":"https:\/\/jungian.directory\/fcxfougk\/","logo":{"@type":"ImageObject","inLanguage":"en-GB","@id":"https:\/\/jungian.directory\/fcxfougk\/#\/schema\/logo\/image\/","url":"https:\/\/jungian.directory\/fcxfougk\/wp-content\/uploads\/2024\/02\/cropped-new-logo-test-2024-03-03.png","contentUrl":"https:\/\/jungian.directory\/fcxfougk\/wp-content\/uploads\/2024\/02\/cropped-new-logo-test-2024-03-03.png","width":512,"height":512,"caption":"JungianDirectory"},"image":{"@id":"https:\/\/jungian.directory\/fcxfougk\/#\/schema\/logo\/image\/"}}]}},"_links":{"self":[{"href":"https:\/\/jungian.directory\/fcxfougk\/wp-json\/wp\/v2\/mec-events\/126955","targetHints":{"allow":["GET"]}}],"collection":[{"href":"https:\/\/jungian.directory\/fcxfougk\/wp-json\/wp\/v2\/mec-events"}],"about":[{"href":"https:\/\/jungian.directory\/fcxfougk\/wp-json\/wp\/v2\/types\/mec-events"}],"author":[{"embeddable":true,"href":"https:\/\/jungian.directory\/fcxfougk\/wp-json\/wp\/v2\/users\/17"}],"replies":[{"embeddable":true,"href":"https:\/\/jungian.directory\/fcxfougk\/wp-json\/wp\/v2\/comments?post=126955"}],"wp:featuredmedia":[{"embeddable":true,"href":"https:\/\/jungian.directory\/fcxfougk\/wp-json\/wp\/v2\/media\/126956"}],"wp:attachment":[{"href":"https:\/\/jungian.directory\/fcxfougk\/wp-json\/wp\/v2\/media?parent=126955"}],"wp:term":[{"taxonomy":"post_tag","embeddable":true,"href":"https:\/\/jungian.directory\/fcxfougk\/wp-json\/wp\/v2\/tags?post=126955"},{"taxonomy":"mec_category","embeddable":true,"href":"https:\/\/jungian.directory\/fcxfougk\/wp-json\/wp\/v2\/mec_category?post=126955"},{"taxonomy":"mec_speaker","embeddable":true,"href":"https:\/\/jungian.directory\/fcxfougk\/wp-json\/wp\/v2\/mec_speaker?post=126955"}],"curies":[{"name":"wp","href":"https:\/\/api.w.org\/{rel}","templated":true}]}}