{"id":66658,"date":"2022-02-20T13:11:43","date_gmt":"2022-02-20T13:11:43","guid":{"rendered":"https:\/\/jungian.directory\/fcxfougk\/?post_type=related_organisation&#038;p=66658"},"modified":"2022-02-20T13:15:49","modified_gmt":"2022-02-20T13:15:49","slug":"istituto-di-psicologia-analitica-e-psicoterapia","status":"publish","type":"related_organisation","link":"https:\/\/jungian.directory\/fcxfougk\/related_organisation\/istituto-di-psicologia-analitica-e-psicoterapia\/","title":{"rendered":"Istituto di Psicologia Analitica e Psicoterapia"},"content":{"rendered":"<div class=\"divider\">Le attivit\u00e0 dell\u2019Associazione per lo studio della Psicologia Analitica e della Psicoterapia a orientamento junghiano (APAP) si tengono presso il Polo Formativo Universitario \u201cOfficina H Olivetti\u201d di Ivrea (Torino), dove hanno sede l\u2019<a href=\"http:\/\/www.ipap-jung.eu\/?page_id=531\" target=\"_blank\" rel=\"noopener\">Istituto di Psicologia Analitica e Psicoterapia (IPAP), Scuola di Specializzazione in Psicoterapia<\/a>, abilitata con Decreto del Ministero dell\u2019Istruzione, dell\u2019Universit\u00e0 e della Ricerca del 25 maggio\u00a02016, N. 1063, la\u00a0<a href=\"http:\/\/www.ipap-jung.eu\/?page_id=3011\" target=\"_blank\" rel=\"noopener\">Scuola di Formazione Permanente Vivenzia<\/a>, in collaborazione con l\u2019Azienda Sanitaria Locale TO4 di Ciri\u00e8, Chivasso e Ivrea dal 2018, e gli uffici del\u00a0<a href=\"http:\/\/www.ipap-jung.eu\/?page_id=4291\" target=\"_blank\" rel=\"noopener\">Centro Clinico-Psicologico di Cure Primarie IPAP-ASL TO4<\/a>, in convenzione con l\u2019ASL TO4 dal 2018, i cui servizi sono erogati presso il\u00a0<a href=\"http:\/\/www.aslto4.piemonte.it\/notizie.asp?N=1027\" target=\"_blank\" rel=\"noopener\">Poliambulatorio \u201cComunit\u00e0\u201d<\/a>\u00a0di Ivrea. Il Campus universitario, i<span class=\"Apple-style-span\">nserito in una splendida cornice paesaggistica e ambientale,<\/span>\u00a0\u00e8 ubicato nel distretto di architettura industriale olivettiana che, dal 2001, \u00e8 sede del\u00a0<a href=\"http:\/\/www.mamivrea.it\/\" target=\"_blank\" rel=\"noopener\">Museo dell\u2019Architettura Moderna (MAM)<\/a>\u00a0di Ivrea. Dal 2018,\u00a0<a href=\"http:\/\/www.ivreacittaindustriale.it\/\" target=\"_blank\" rel=\"noopener\">\u201cIvrea, Citt\u00e0 Industriale del XX secolo\u201d<\/a>\u00a0\u00e8 stata iscritta nella Lista del\u00a0<a href=\"https:\/\/whc.unesco.org\/en\/list\/1538\" target=\"_blank\" rel=\"noopener\">Patrimonio Mondiale dell\u2019UNESCO<\/a>.\u00a0Il Museo a cielo aperto, lungo un percorso di circa due chilometri che interessa via Jervis e le aree contigue su cui sorgono gli edifici pi\u00f9 rappresentativi della cultura olivettiana, testimonia l\u2019impegno della Olivetti in molteplici ambiti: dall\u2019architettura all\u2019urbanistica, dal disegno industriale alla grafica pubblicitaria, dall\u2019editoria al welfare.\u00a0Il complesso di edifici di straordinaria qualit\u00e0 che compone la citt\u00e0 industriale di Ivrea costituisce tra le prime e pi\u00f9 alte espressioni di una visione moderna dei rapporti produttivi, in cui le funzioni sono individuate attraverso il filtro sia delle riflessioni sul cittadino\/utente proposte dal \u201cMovimento Comunit\u00e0\u201d sia delle nuove relazioni industriali che la Olivetti elabora. Nel periodo che va dal 1930 al 1960, infatti, Ivrea divenne il fulcro delle pi\u00f9 avanzate riflessioni in campo industriale e socio-economico, architettonico e urbanistico; il pensiero olivettiano si manifest\u00f2 in un insieme eccezionale di edifici per l\u2019industria e per i servizi sociali di straordinaria qualit\u00e0, secondo un modello di sviluppo alternativo a quello tradizionale.<\/div>\n<div class=\"post-single\">\n<p>L<em>\u2018<\/em>Associazione opera pertanto in continuit\u00e0 con una tradizione psicologica, locale e cosmopolita, riconducibile a\u00a0<a href=\"http:\/\/www.aspi.unimib.it\/collections\/entity\/detail\/46\/\" target=\"_blank\" rel=\"noopener\">Ernst Bernhard<\/a>\u00a0(1896-1965), pediatra\u00a0e psicoanalista tedesco. Studioso dell\u2019analisi freudiana e junghiana, trasferitosi a Roma nel 1936, fu pioniere della Psicologia Analitica in Italia e fondatore della Associazione Italiana di Psicologia Analitica (1961). Negli anni successivi alla guerra, fu in analisi con Bernhard, a Roma, anche l\u2019imprenditore e industriale\u00a0<a href=\"http:\/\/www.fondazioneadrianolivetti.it\/lafondazione.php?id_lafondazione=1\" target=\"_blank\" rel=\"noopener\">Adriano Olivetti<\/a>\u00a0(1901-1960).<\/p>\n<p>Nella biblioteca personale di Olivetti figuravano diverse opere di Jung<a href=\"http:\/\/www.ipap-jung.eu\/?page_id=2843#_ftn1\" name=\"_ftnref\"><\/a>, oltre all\u2019edizione italiana dell\u2019<em>I Ching<\/em><a href=\"http:\/\/www.ipap-jung.eu\/?page_id=2843#_ftn2\" name=\"_ftnref\"><\/a>, l\u2019antico testo oracolare cinese per cui Jung scrisse la nota prefazione. Olivetti fu \u2013 insieme a Einaudi \u2013 anche tra i primi titolari dei diritti delle opere di Jung in Italia. Per le\u00a0<a href=\"https:\/\/it.wikipedia.org\/wiki\/Nuove_Edizioni_Ivrea\" target=\"_blank\" rel=\"noopener\">Nuove Edizioni Ivrea (NEI)<\/a>, la casa editrice progettata da Olivetti nel 1941 insieme a\u00a0<a href=\"http:\/\/www.treccani.it\/enciclopedia\/umberto-campagnolo_%28Dizionario-Biografico%29\/\" target=\"_blank\" rel=\"noopener\">Umberto Campagnolo<\/a>\u00a0(1904-1976),\u00a0<a href=\"http:\/\/www.treccani.it\/enciclopedia\/bazlen-roberto-detto-bobi\/\" target=\"_blank\" rel=\"noopener\">Roberto (Bobi) Bazlen<\/a>\u00a0(1902-1965) e\u00a0<a href=\"https:\/\/it.wikipedia.org\/wiki\/Luciano_Fo%C3%A0\" target=\"_blank\" rel=\"noopener\">Luciano Fo\u00e0<\/a>\u00a0(1915-2005), lo psicologo e psicoanalista freudiano\u00a0<a href=\"http:\/\/www.aspi.unimib.it\/collections\/entity\/detail\/29\/\" target=\"_blank\" rel=\"noopener\">Cesare Musatti<\/a>\u00a0(1897-1989) fece tradurre, di Jung,\u00a0<em>Tipi psicologici<\/em>\u00a0(1942, poi ceduto ad Astrolabio-Ubaldini). Per le\u00a0<a href=\"http:\/\/www.edizionidicomunita.it\/\" target=\"_blank\" rel=\"noopener\">Edizioni di Comunit\u00e0<\/a>, avviate da Olivetti a Milano nel 1946, fu pubblicato un altro titolo junghiano,\u00a0<em>Psicologia e religione<\/em>\u00a0(1948).<\/p>\n<p>Fu Musatti a proporre a Olivetti la pubblicazione, per le Nuove Edizioni Ivrea, di una serie di opere psicologiche, tra cui tre lavori di Jung:\u00a0<em>Tipi psicologici\u00a0<\/em>(1921),\u00a0<em>Realt\u00e0 dell\u2019anima<\/em>\u00a0(1934) e\u00a0<em>Psicologia e religione\u00a0<\/em>(1938\/1940)<em>.\u00a0<\/em>Nel 1943, con il sostegno di Olivetti, Musatti trov\u00f2 rifugio a Ivrea dall\u2019occupazione tedesca. Qui fond\u00f2 un\u00a0<a href=\"http:\/\/www.storiaolivetti.it\/percorso.asp?idPercorso=684\" target=\"_blank\" rel=\"noopener\">Centro di Psicologia<\/a>, di cui fu responsabile fino al 1945, contribuendo allo sviluppo di uno dei primi e pi\u00f9 importanti gruppi di ricerca di psicologia del lavoro in Italia. Musatti lavor\u00f2 in Olivetti anche come consulente psicologo per progetti di sviluppo organizzativo, nell\u2019ambito di programmi di rinnovamento aziendale mirati a conciliare necessit\u00e0 produttive e qualit\u00e0 della vita. La Biblioteca di Psicologia del lavoro \u00e8 conservata presso l\u2019<a href=\"http:\/\/www.archiviostoricolivetti.it\/biblioteca\/\" target=\"_blank\" rel=\"noopener\">Archivio Storico Olivetti<\/a>.<\/p>\n<p>Ancora prima della creazione delle NEI, era stato\u00a0<a href=\"https:\/\/www.aspi.unimib.it\/collections\/entity\/detail\/52\/\" target=\"_blank\" rel=\"noopener\">Giovanni Bollea<\/a>\u00a0(1913-2011), psichiatra originario di Cigliano (Vercelli) e padre della moderna Neuropsichiatria Infantile (NPI), a suggerire, nel 1940, a Giulio Einaudi (1912-1999) di pubblicare una prima raccolta di saggi \u201cdel grande psicologo svizzero C.G. Jung\u201d; il progetto attir\u00f2 l\u2019interesse della casa editrice solo nel giugno 1941, nel momento in cui soprattutto Cesare Pavese (1908-1950) \u2013 che dal 1934 alla sua morte fu uno dei maggiori responsabili delle scelte editoriali dell\u2019Einaudi \u2013 ne sollecit\u00f2 l\u2019invio.\u00a0<em>Il problema dell\u2019inconscio nella psicologia moderna<\/em>, nella traduzione di Arrigo Vita e Giovanni Bollea, usc\u00ec per la collana einaudiana \u00abLa cultura\u00bb (51) nel 1942 e fu il primo libro di Jung tradotto in italiano.<\/p>\n<p>Tra il 1947 e il 1956, la pediatra e psicoanalista\u00a0<a href=\"http:\/\/www.aspi.unimib.it\/collections\/entity\/detail\/121\/\" target=\"_blank\" rel=\"noopener\">Luciana Nissim Momigliano<\/a>\u00a0(1919-1998) fu responsabile dell\u2019asilo-nido aziendale, direttore del Consultorio dell\u2019Opera Nazionale Protezione della Maternit\u00e0 e dell\u2019Infanzia per la provincia di Torino e dirigente dei Servizi Sociali della Olivetti. Succeder\u00e0 a Musatti alla presidenza del Centro Milanese di Psicoanalisi (1986).<\/p>\n<p>Dal 1955 al 1961, ancora, sempre su incarico di Olivetti,\u00a0<a href=\"http:\/\/www.aspi.unimib.it\/collections\/entity\/detail\/256\/\" target=\"_blank\" rel=\"noopener\">Mariella Gambino Loriga\u00a0<\/a>(1920-2006) \u2013 prima in Italia a praticare la psicoterapia junghiana in et\u00e0 evolutiva e, successivamente, analista didatta della Associazione Italiana di Psicologia Analitica \u2013 diresse a Ivrea l\u2019<a href=\"http:\/\/www.storiaolivetti.it\/percorso.asp?idPercorso=641\" target=\"_blank\" rel=\"noopener\">Asilo Olivetti<\/a>\u00a0e poi il nuovo asilo aziendale di\u00a0<a href=\"http:\/\/www.storiaolivetti.it\/template.asp?idOrd=5&amp;idPercorso=641\" target=\"_blank\" rel=\"noopener\">Villa Casana<\/a>, dove introdusse il metodo Montessori. In analisi prima con Bernhard e poi con la moglie,\u00a0<a href=\"http:\/\/www.aspi.unimib.it\/collections\/entity\/detail\/377\/\" target=\"_blank\" rel=\"noopener\">Dora\u00a0<\/a><span class=\"st\"><a href=\"http:\/\/www.aspi.unimib.it\/collections\/entity\/detail\/377\/\" target=\"_blank\" rel=\"noopener\">Friedl\u00e4nder<\/a>\u00a0(1896-1998)<\/span>, fu tra le prime studiose a interrogarsi sul legame tra femminilit\u00e0 psicologica e Psicologia Analitica. Document\u00f2 il suo periodo eporediese e l\u2019esperienza olivettiana in\u00a0<em>Ricordi da Ivrea\u00a0<\/em>(1982).<\/p>\n<p><strong>Bibliografia di approfondimento<\/strong><br \/>\nBernardini, R. (a cura di) (2018).\u00a0Jung e Ivrea. Bergamo: Moretti &amp; Vitali (\u201cIl Tridente Campus\u201d)<br \/>\nCarotenuto, A. (1977).\u00a0Jung e la cultura italiana. Roma: Astrolabio-Ubaldini (\u201cPsiche e coscienza\u201d)<br \/>\nDe\u2019 Liguori Carino, B. (2008).\u00a0Adriano Olivetti e le Edizioni di Comunit\u00e0. Roma-Ivrea: Fondazione Adriano Olivetti (\u201cQuaderni della Fondazione Adriano Olivetti\u201d)<br \/>\nPieri, P.F. (1998).\u00a0A partire da Jung. I testi e gli analisti. La Psicologia Analitica in Italia \u2013 1943\/1998. Milano: La biblioteca di Vivarium<br \/>\nRomano, A. (2017).\u00a0L\u2019inconscio a Torino. La psicologia del profondo nella Torino del Novecento: editoria, scuole, testimoni. Savigliano (Torino): Nino Aragno (\u201cBiblioteca Aragno\u201d)<br \/>\nSaibene, A. (2017).\u00a0L\u2019Italia di Adriano Olivetti. Roma-Ivrea: Edizioni di Comunit\u00e0 (\u201cVia Jervis\u201d)<\/p>\n<p>Scuola di Specializzazione in Psicoterapia IPAP<br \/>\nIstituto di Psicologia Analitica e Psicoterapia<br \/>\nSede operativa: Polo Formativo Universitario<br \/>\n&#8220;Officina H Olivetti&#8221;, Ufficio 7<br \/>\nVia Monte Navale, 1 &#8211; 10015 Ivrea (TO), Italia<br \/>\nE-mail info@ipap-jung.eu<br \/>\nPEC scuola@pec.ipap-jung.eu<br \/>\nTel. +39 347 15 45 988<br \/>\nTel. +39 0125 62 76 73 (Officina H Olivetti)<br \/>\nFax +39 0125 42 17 28 (Officina H Olivetti)<br \/>\nSkype IPAPSchool<br \/>\nZoom https:\/\/us02web.zoom.us\/my\/ipapschool<\/p>\n<p>Scuola di Formazione Permanente Vivenzia<br \/>\nSede operativa: Polo Formativo Universitario<br \/>\n&#8220;Officina H Olivetti&#8221;, Ufficio 7<br \/>\nVia Monte Navale, 1 &#8211; 10015 Ivrea (TO), Italia<br \/>\nE-mail sfp@ipap-jung.eu<\/p>\n<p>Centro Clinico-Psicologico IPAP &#8211; ASL TO4<br \/>\nSede operativa: Azienda Sanitaria Locale TO4<br \/>\nS.S. Psicologia della Salute Adulti<br \/>\nPoliambulatorio \u201cComunit\u00e0\u201d, 5\u00b0 piano<br \/>\nVia Natalia Ginzburg, 7 &#8211; 10015 Ivrea (TO), Italia<br \/>\nE-mail ccp@ipap-jung.eu<\/p>\n<\/div>\n","protected":false},"excerpt":{"rendered":"<p>Le attivit\u00e0 dell\u2019Associazione per lo studio della Psicologia Analitica e della Psicoterapia a orientamento junghiano (APAP) si tengono presso il Polo Formativo Universitario \u201cOfficina H Olivetti\u201d di Ivrea (Torino), dove hanno sede l\u2019Istituto di Psicologia Analitica e Psicoterapia (IPAP), Scuola di Specializzazione in Psicoterapia, abilitata con Decreto del Ministero dell\u2019Istruzione, dell\u2019Universit\u00e0 e della Ricerca del [&hellip;]<\/p>\n","protected":false},"author":1,"featured_media":0,"parent":0,"template":"","organisation_type":[1214,146],"class_list":["post-66658","related_organisation","type-related_organisation","status-publish","hentry","organisation_type-education","organisation_type-university-department"],"acf":[],"yoast_head":"<!-- This site is optimized with the Yoast SEO Premium plugin v28.3 (Yoast SEO v28.3) - https:\/\/yoast.com\/product\/yoast-seo-premium-wordpress\/ -->\n<title>Istituto di Psicologia Analitica e Psicoterapia - JungianDirectory<\/title>\n<meta name=\"robots\" content=\"noindex, follow, max-snippet:-1, max-image-preview:large, max-video-preview:-1\" \/>\n<meta property=\"og:locale\" content=\"en_GB\" \/>\n<meta property=\"og:type\" content=\"article\" \/>\n<meta property=\"og:title\" content=\"Istituto di Psicologia Analitica e Psicoterapia\" \/>\n<meta property=\"og:description\" content=\"Le attivit\u00e0 dell\u2019Associazione per lo studio della Psicologia Analitica e della Psicoterapia a orientamento junghiano (APAP) si tengono presso il Polo Formativo Universitario \u201cOfficina H Olivetti\u201d di Ivrea (Torino), dove hanno sede l\u2019Istituto di Psicologia Analitica e Psicoterapia (IPAP), Scuola di Specializzazione in Psicoterapia, abilitata con Decreto del Ministero dell\u2019Istruzione, dell\u2019Universit\u00e0 e della Ricerca del [&hellip;]\" \/>\n<meta property=\"og:url\" content=\"https:\/\/jungian.directory\/fcxfougk\/related_organisation\/istituto-di-psicologia-analitica-e-psicoterapia\/\" \/>\n<meta property=\"og:site_name\" content=\"JungianDirectory\" \/>\n<meta property=\"article:modified_time\" content=\"2022-02-20T13:15:49+00:00\" \/>\n<meta name=\"twitter:card\" content=\"summary_large_image\" \/>\n<meta name=\"twitter:label1\" content=\"Estimated reading time\" \/>\n\t<meta name=\"twitter:data1\" content=\"5 minutes\" \/>\n<script type=\"application\/ld+json\" class=\"yoast-schema-graph\">{\"@context\":\"https:\\\/\\\/schema.org\",\"@graph\":[{\"@type\":\"WebPage\",\"@id\":\"https:\\\/\\\/jungian.directory\\\/fcxfougk\\\/related_organisation\\\/istituto-di-psicologia-analitica-e-psicoterapia\\\/\",\"url\":\"https:\\\/\\\/jungian.directory\\\/fcxfougk\\\/related_organisation\\\/istituto-di-psicologia-analitica-e-psicoterapia\\\/\",\"name\":\"Istituto di Psicologia Analitica e Psicoterapia - JungianDirectory\",\"isPartOf\":{\"@id\":\"https:\\\/\\\/jungian.directory\\\/fcxfougk\\\/#website\"},\"datePublished\":\"2022-02-20T13:11:43+00:00\",\"dateModified\":\"2022-02-20T13:15:49+00:00\",\"breadcrumb\":{\"@id\":\"https:\\\/\\\/jungian.directory\\\/fcxfougk\\\/related_organisation\\\/istituto-di-psicologia-analitica-e-psicoterapia\\\/#breadcrumb\"},\"inLanguage\":\"en-GB\",\"potentialAction\":[{\"@type\":\"ReadAction\",\"target\":[\"https:\\\/\\\/jungian.directory\\\/fcxfougk\\\/related_organisation\\\/istituto-di-psicologia-analitica-e-psicoterapia\\\/\"]}]},{\"@type\":\"BreadcrumbList\",\"@id\":\"https:\\\/\\\/jungian.directory\\\/fcxfougk\\\/related_organisation\\\/istituto-di-psicologia-analitica-e-psicoterapia\\\/#breadcrumb\",\"itemListElement\":[{\"@type\":\"ListItem\",\"position\":1,\"name\":\"Home\",\"item\":\"https:\\\/\\\/jungian.directory\\\/fcxfougk\\\/\"},{\"@type\":\"ListItem\",\"position\":2,\"name\":\"Related Organisations\",\"item\":\"https:\\\/\\\/jungian.directory\\\/fcxfougk\\\/related_organisation\\\/\"},{\"@type\":\"ListItem\",\"position\":3,\"name\":\"Istituto di Psicologia Analitica e Psicoterapia\"}]},{\"@type\":\"WebSite\",\"@id\":\"https:\\\/\\\/jungian.directory\\\/fcxfougk\\\/#website\",\"url\":\"https:\\\/\\\/jungian.directory\\\/fcxfougk\\\/\",\"name\":\"JungianDirectory\",\"description\":\"Analysts, Events, Training, CPD, Books, etc\",\"publisher\":{\"@id\":\"https:\\\/\\\/jungian.directory\\\/fcxfougk\\\/#organization\"},\"potentialAction\":[{\"@type\":\"SearchAction\",\"target\":{\"@type\":\"EntryPoint\",\"urlTemplate\":\"https:\\\/\\\/jungian.directory\\\/fcxfougk\\\/?s={search_term_string}\"},\"query-input\":{\"@type\":\"PropertyValueSpecification\",\"valueRequired\":true,\"valueName\":\"search_term_string\"}}],\"inLanguage\":\"en-GB\"},{\"@type\":\"Organization\",\"@id\":\"https:\\\/\\\/jungian.directory\\\/fcxfougk\\\/#organization\",\"name\":\"JungianDirectory\",\"url\":\"https:\\\/\\\/jungian.directory\\\/fcxfougk\\\/\",\"logo\":{\"@type\":\"ImageObject\",\"inLanguage\":\"en-GB\",\"@id\":\"https:\\\/\\\/jungian.directory\\\/fcxfougk\\\/#\\\/schema\\\/logo\\\/image\\\/\",\"url\":\"https:\\\/\\\/jungian.directory\\\/fcxfougk\\\/wp-content\\\/uploads\\\/2024\\\/02\\\/cropped-new-logo-test-2024-03-03.png\",\"contentUrl\":\"https:\\\/\\\/jungian.directory\\\/fcxfougk\\\/wp-content\\\/uploads\\\/2024\\\/02\\\/cropped-new-logo-test-2024-03-03.png\",\"width\":512,\"height\":512,\"caption\":\"JungianDirectory\"},\"image\":{\"@id\":\"https:\\\/\\\/jungian.directory\\\/fcxfougk\\\/#\\\/schema\\\/logo\\\/image\\\/\"}}]}<\/script>\n<!-- \/ Yoast SEO Premium plugin. -->","yoast_head_json":{"title":"Istituto di Psicologia Analitica e Psicoterapia - JungianDirectory","robots":{"index":"noindex","follow":"follow","max-snippet":"max-snippet:-1","max-image-preview":"max-image-preview:large","max-video-preview":"max-video-preview:-1"},"og_locale":"en_GB","og_type":"article","og_title":"Istituto di Psicologia Analitica e Psicoterapia","og_description":"Le attivit\u00e0 dell\u2019Associazione per lo studio della Psicologia Analitica e della Psicoterapia a orientamento junghiano (APAP) si tengono presso il Polo Formativo Universitario \u201cOfficina H Olivetti\u201d di Ivrea (Torino), dove hanno sede l\u2019Istituto di Psicologia Analitica e Psicoterapia (IPAP), Scuola di Specializzazione in Psicoterapia, abilitata con Decreto del Ministero dell\u2019Istruzione, dell\u2019Universit\u00e0 e della Ricerca del [&hellip;]","og_url":"https:\/\/jungian.directory\/fcxfougk\/related_organisation\/istituto-di-psicologia-analitica-e-psicoterapia\/","og_site_name":"JungianDirectory","article_modified_time":"2022-02-20T13:15:49+00:00","twitter_card":"summary_large_image","twitter_misc":{"Estimated reading time":"5 minutes"},"schema":{"@context":"https:\/\/schema.org","@graph":[{"@type":"WebPage","@id":"https:\/\/jungian.directory\/fcxfougk\/related_organisation\/istituto-di-psicologia-analitica-e-psicoterapia\/","url":"https:\/\/jungian.directory\/fcxfougk\/related_organisation\/istituto-di-psicologia-analitica-e-psicoterapia\/","name":"Istituto di Psicologia Analitica e Psicoterapia - JungianDirectory","isPartOf":{"@id":"https:\/\/jungian.directory\/fcxfougk\/#website"},"datePublished":"2022-02-20T13:11:43+00:00","dateModified":"2022-02-20T13:15:49+00:00","breadcrumb":{"@id":"https:\/\/jungian.directory\/fcxfougk\/related_organisation\/istituto-di-psicologia-analitica-e-psicoterapia\/#breadcrumb"},"inLanguage":"en-GB","potentialAction":[{"@type":"ReadAction","target":["https:\/\/jungian.directory\/fcxfougk\/related_organisation\/istituto-di-psicologia-analitica-e-psicoterapia\/"]}]},{"@type":"BreadcrumbList","@id":"https:\/\/jungian.directory\/fcxfougk\/related_organisation\/istituto-di-psicologia-analitica-e-psicoterapia\/#breadcrumb","itemListElement":[{"@type":"ListItem","position":1,"name":"Home","item":"https:\/\/jungian.directory\/fcxfougk\/"},{"@type":"ListItem","position":2,"name":"Related Organisations","item":"https:\/\/jungian.directory\/fcxfougk\/related_organisation\/"},{"@type":"ListItem","position":3,"name":"Istituto di Psicologia Analitica e Psicoterapia"}]},{"@type":"WebSite","@id":"https:\/\/jungian.directory\/fcxfougk\/#website","url":"https:\/\/jungian.directory\/fcxfougk\/","name":"JungianDirectory","description":"Analysts, Events, Training, CPD, Books, etc","publisher":{"@id":"https:\/\/jungian.directory\/fcxfougk\/#organization"},"potentialAction":[{"@type":"SearchAction","target":{"@type":"EntryPoint","urlTemplate":"https:\/\/jungian.directory\/fcxfougk\/?s={search_term_string}"},"query-input":{"@type":"PropertyValueSpecification","valueRequired":true,"valueName":"search_term_string"}}],"inLanguage":"en-GB"},{"@type":"Organization","@id":"https:\/\/jungian.directory\/fcxfougk\/#organization","name":"JungianDirectory","url":"https:\/\/jungian.directory\/fcxfougk\/","logo":{"@type":"ImageObject","inLanguage":"en-GB","@id":"https:\/\/jungian.directory\/fcxfougk\/#\/schema\/logo\/image\/","url":"https:\/\/jungian.directory\/fcxfougk\/wp-content\/uploads\/2024\/02\/cropped-new-logo-test-2024-03-03.png","contentUrl":"https:\/\/jungian.directory\/fcxfougk\/wp-content\/uploads\/2024\/02\/cropped-new-logo-test-2024-03-03.png","width":512,"height":512,"caption":"JungianDirectory"},"image":{"@id":"https:\/\/jungian.directory\/fcxfougk\/#\/schema\/logo\/image\/"}}]}},"_links":{"self":[{"href":"https:\/\/jungian.directory\/fcxfougk\/wp-json\/wp\/v2\/related_organisation\/66658","targetHints":{"allow":["GET"]}}],"collection":[{"href":"https:\/\/jungian.directory\/fcxfougk\/wp-json\/wp\/v2\/related_organisation"}],"about":[{"href":"https:\/\/jungian.directory\/fcxfougk\/wp-json\/wp\/v2\/types\/related_organisation"}],"author":[{"embeddable":true,"href":"https:\/\/jungian.directory\/fcxfougk\/wp-json\/wp\/v2\/users\/1"}],"version-history":[{"count":0,"href":"https:\/\/jungian.directory\/fcxfougk\/wp-json\/wp\/v2\/related_organisation\/66658\/revisions"}],"wp:attachment":[{"href":"https:\/\/jungian.directory\/fcxfougk\/wp-json\/wp\/v2\/media?parent=66658"}],"wp:term":[{"taxonomy":"organisation_type","embeddable":true,"href":"https:\/\/jungian.directory\/fcxfougk\/wp-json\/wp\/v2\/organisation_type?post=66658"}],"curies":[{"name":"wp","href":"https:\/\/api.w.org\/{rel}","templated":true}]}}